{"id":2,"date":"2020-08-17T13:09:07","date_gmt":"2020-08-17T13:09:07","guid":{"rendered":"https:\/\/imearb.com.br\/brasilia60anos\/?page_id=2"},"modified":"2021-09-09T14:53:49","modified_gmt":"2021-09-09T14:53:49","slug":"sample-page","status":"publish","type":"page","link":"https:\/\/imearb.com.br\/brasilia60anos\/","title":{"rendered":"Bras\u00edlia Anos 60"},"content":{"rendered":"\t\t<div data-elementor-type=\"wp-page\" data-elementor-id=\"2\" class=\"elementor elementor-2\">\n\t\t\t\t\t\t<section class=\"elementor-section elementor-top-section elementor-element elementor-element-4d6c747 elementor-section-boxed elementor-section-height-default elementor-section-height-default\" data-id=\"4d6c747\" data-element_type=\"section\">\n\t\t\t\t\t\t<div class=\"elementor-container elementor-column-gap-default\">\n\t\t\t\t\t<div class=\"elementor-column elementor-col-33 elementor-top-column elementor-element elementor-element-f5a0424\" data-id=\"f5a0424\" data-element_type=\"column\">\n\t\t\t<div class=\"elementor-widget-wrap elementor-element-populated\">\n\t\t\t\t\t\t<div class=\"elementor-element elementor-element-c0c9d9f elementor-align-center elementor-widget elementor-widget-button\" data-id=\"c0c9d9f\" data-element_type=\"widget\" data-settings=\"{&quot;_animation&quot;:&quot;none&quot;}\" data-widget_type=\"button.default\">\n\t\t\t\t<div class=\"elementor-widget-container\">\n\t\t\t\t\t\t\t\t\t<div class=\"elementor-button-wrapper\">\n\t\t\t\t\t<a class=\"elementor-button elementor-button-link elementor-size-lg elementor-animation-float\" href=\"https:\/\/imearb.com.br\/brasilia60anos\/galeria-brasilia-2\/\">\n\t\t\t\t\t\t<span class=\"elementor-button-content-wrapper\">\n\t\t\t\t\t\t<span class=\"elementor-button-icon\">\n\t\t\t\t<i aria-hidden=\"true\" class=\"fas fa-chevron-right\"><\/i>\t\t\t<\/span>\n\t\t\t\t\t\t\t\t\t<span class=\"elementor-button-text\">Acessar Galeria Virtual<\/span>\n\t\t\t\t\t<\/span>\n\t\t\t\t\t<\/a>\n\t\t\t\t<\/div>\n\t\t\t\t\t\t\t\t<\/div>\n\t\t\t\t<\/div>\n\t\t\t\t<div class=\"elementor-element elementor-element-51a31d7 elementor-widget elementor-widget-image\" data-id=\"51a31d7\" data-element_type=\"widget\" data-widget_type=\"image.default\">\n\t\t\t\t<div class=\"elementor-widget-container\">\n\t\t\t\t\t\t\t\t\t\t\t\t<figure class=\"wp-caption\">\n\t\t\t\t\t\t\t\t\t\t<img decoding=\"async\" src=\"https:\/\/imearb.com.br\/brasilia60anos\/wp-content\/uploads\/2020\/08\/4-2.jpg\" title=\"\" alt=\"\" loading=\"lazy\" \/>\t\t\t\t\t\t\t\t\t\t\t<figcaption class=\"widget-image-caption wp-caption-text\">\u201cCongresso Nacional\u201d Oscar Niemeyer.  Serigrafia, 31\/200, 49 x 69 cm. \u00c1lbum: Oscar Niemeyer e L\u00facio Costa. Bras\u00edlia para sempre. Rio de Janeiro: Lithos Edi\u00e7\u00f5es de Arte, 1999.<\/figcaption>\n\t\t\t\t\t\t\t\t\t\t<\/figure>\n\t\t\t\t\t\t\t\t\t<\/div>\n\t\t\t\t<\/div>\n\t\t\t\t\t<\/div>\n\t\t<\/div>\n\t\t\t\t<div class=\"elementor-column elementor-col-66 elementor-top-column elementor-element elementor-element-37c8e71\" data-id=\"37c8e71\" data-element_type=\"column\">\n\t\t\t<div class=\"elementor-widget-wrap elementor-element-populated\">\n\t\t\t\t\t\t<div class=\"elementor-element elementor-element-24dbf80 elementor-widget elementor-widget-text-editor\" data-id=\"24dbf80\" data-element_type=\"widget\" data-widget_type=\"text-editor.default\">\n\t\t\t\t<div class=\"elementor-widget-container\">\n\t\t\t\t\t\t\t\t\t<p>H\u00e1 mais de dois s\u00e9culos, surgia a ideia de mudan\u00e7a da capital da Rep\u00fablica do Brasil para o interior do pa\u00eds. Desde os Inconfidentes em 1789, passando por Jos\u00e9 Bonif\u00e1cio em 1823, decorrendo na miss\u00e3o exploradora do Planalto Central, em 1892, chamada Miss\u00e3o Cruls at\u00e9 a cren\u00e7a na profecia de Dom Bosco. Sobre as bases destes antecedentes, Bras\u00edlia j\u00e1 apresentava os primeiros ind\u00edcios de seu nascimento, sendo, em 1891, a \u201cideia\u201d inclu\u00edda, enfim, na Primeira Constitui\u00e7\u00e3o Republicana e em todas as constitui\u00e7\u00f5es seguintes.&nbsp;<\/p><p><span style=\"text-align: justify;\">Em 1946, o local demarcado pela Miss\u00e3o Cruls \u00e9 escolhido e uma Comiss\u00e3o \u00e9 enviada para estudar a localiza\u00e7\u00e3o da nova capital, apresentando resultados em 1948. Nove anos depois, em 1955, durante o 1\u00b0 com\u00edcio de Juscelino Kubitschek como candidato \u00e0 Presid\u00eancia da Rep\u00fablica, pautado na afirmativa de que o Brasil viveria 50 anos em 5, JK estabelece seu Plano de Metas acrescentando Bras\u00edlia como sua meta s\u00edntese.&nbsp;<\/span><br><\/p>\t\t\t\t\t\t\t\t<\/div>\n\t\t\t\t<\/div>\n\t\t\t\t\t<\/div>\n\t\t<\/div>\n\t\t\t\t\t<\/div>\n\t\t<\/section>\n\t\t\t\t<section class=\"elementor-section elementor-top-section elementor-element elementor-element-4a80d79 elementor-section-boxed elementor-section-height-default elementor-section-height-default\" data-id=\"4a80d79\" data-element_type=\"section\">\n\t\t\t\t\t\t<div class=\"elementor-container elementor-column-gap-default\">\n\t\t\t\t\t<div class=\"elementor-column elementor-col-100 elementor-top-column elementor-element elementor-element-d4c1983\" data-id=\"d4c1983\" data-element_type=\"column\">\n\t\t\t<div class=\"elementor-widget-wrap elementor-element-populated\">\n\t\t\t\t\t\t<div class=\"elementor-element elementor-element-65e1b3e1 elementor-drop-cap-yes elementor-drop-cap-view-default elementor-widget elementor-widget-text-editor\" data-id=\"65e1b3e1\" data-element_type=\"widget\" data-settings=\"{&quot;drop_cap&quot;:&quot;yes&quot;}\" data-widget_type=\"text-editor.default\">\n\t\t\t\t<div class=\"elementor-widget-container\">\n\t\t\t\t\t\t\t\t\t<p><\/p>\n<p>Em 1956, com sua posse, inicia-se propriamente a fase de constru\u00e7\u00e3o da cidade. Nas palavras do presidente: \u201cA cria\u00e7\u00e3o de Bras\u00edlia, a interioriza\u00e7\u00e3o do governo, foi um ato democr\u00e1tico e irretrat\u00e1vel de ocupa\u00e7\u00e3o efetiva do nosso vazio territorial.\u201d No mesmo ano, \u00e9 lan\u00e7ado o concurso para o Plano Piloto de Bras\u00edlia, sob o nome de &#8220;Concurso Nacional do Plano Piloto da Nova Capital do Brasil&#8221;, com a participa\u00e7\u00e3o de 26 projetos, o Plano Piloto do arquiteto e urbanista Lucio Costa \u00e9 escolhido como vencedor.&nbsp;<br><\/p>\n<p><\/p>\n<p><\/p>\n<p>Seu projeto, segundo o arquiteto: \u201cNasceu do gesto prim\u00e1rio de quem assinala um lugar ou dele toma posse: dois eixos cruzando-se em \u00e2ngulo reto, ou seja, o pr\u00f3prio sinal da cruz\u201d.&nbsp; Em seguida, somado a participa\u00e7\u00e3o de importantes nomes como o arquiteto Oscar Niemeyer, o engenheiro Israel Pinheiro, o engenheiro agr\u00f4nomo Bernardo Say\u00e3o, al\u00e9m do intenso trabalho dia e noite dos candangos, a cidade se fez. Constru\u00edda sob as bases formais do modernismo, \u2014 sobretudo por meio da influencia trazida por Le Corbusier ao pa\u00eds \u2014, o tra\u00e7o de modernidade estabeleceu-se desde a concep\u00e7\u00e3o inicial do projeto da cidade at\u00e9 suas edifica\u00e7\u00f5es, pinturas, mobili\u00e1rio e objetos escult\u00f3ricos distribu\u00eddos espacialmente.&nbsp;<\/p>\n<p><\/p>\t\t\t\t\t\t\t\t<\/div>\n\t\t\t\t<\/div>\n\t\t\t\t\t<\/div>\n\t\t<\/div>\n\t\t\t\t\t<\/div>\n\t\t<\/section>\n\t\t\t\t<section class=\"elementor-section elementor-top-section elementor-element elementor-element-0c2e1d9 elementor-section-boxed elementor-section-height-default elementor-section-height-default\" data-id=\"0c2e1d9\" data-element_type=\"section\">\n\t\t\t\t\t\t<div class=\"elementor-container elementor-column-gap-default\">\n\t\t\t\t\t<div class=\"elementor-column elementor-col-33 elementor-top-column elementor-element elementor-element-b20b96f\" data-id=\"b20b96f\" data-element_type=\"column\">\n\t\t\t<div class=\"elementor-widget-wrap elementor-element-populated\">\n\t\t\t\t\t\t<div class=\"elementor-element elementor-element-feaeb68 elementor-widget elementor-widget-image\" data-id=\"feaeb68\" data-element_type=\"widget\" data-widget_type=\"image.default\">\n\t\t\t\t<div class=\"elementor-widget-container\">\n\t\t\t\t\t\t\t\t\t\t\t\t<figure class=\"wp-caption\">\n\t\t\t\t\t\t\t\t\t\t<img fetchpriority=\"high\" decoding=\"async\" width=\"920\" height=\"568\" src=\"https:\/\/imearb.com.br\/brasilia60anos\/wp-content\/uploads\/2020\/08\/editada_35-1024x632.jpg\" class=\"attachment-large size-large wp-image-170\" alt=\"\u201cEscola Parque\u201d, Colombo. Documento fotogr\u00e1fico, 9 x 12 cm.\" srcset=\"https:\/\/imearb.com.br\/brasilia60anos\/wp-content\/uploads\/2020\/08\/editada_35-1024x632.jpg 1024w, https:\/\/imearb.com.br\/brasilia60anos\/wp-content\/uploads\/2020\/08\/editada_35-300x185.jpg 300w, https:\/\/imearb.com.br\/brasilia60anos\/wp-content\/uploads\/2020\/08\/editada_35-768x474.jpg 768w, https:\/\/imearb.com.br\/brasilia60anos\/wp-content\/uploads\/2020\/08\/editada_35-1536x948.jpg 1536w, https:\/\/imearb.com.br\/brasilia60anos\/wp-content\/uploads\/2020\/08\/editada_35-2048x1264.jpg 2048w\" sizes=\"(max-width: 920px) 100vw, 920px\" \/>\t\t\t\t\t\t\t\t\t\t\t<figcaption class=\"widget-image-caption wp-caption-text\">\u201cEscola Parque\u201d,\nColombo.\nDocumento fotogr\u00e1fico, 9 x 12 cm.<\/figcaption>\n\t\t\t\t\t\t\t\t\t\t<\/figure>\n\t\t\t\t\t\t\t\t\t<\/div>\n\t\t\t\t<\/div>\n\t\t\t\t\t<\/div>\n\t\t<\/div>\n\t\t\t\t<div class=\"elementor-column elementor-col-33 elementor-top-column elementor-element elementor-element-25bb941\" data-id=\"25bb941\" data-element_type=\"column\">\n\t\t\t<div class=\"elementor-widget-wrap elementor-element-populated\">\n\t\t\t\t\t\t<div class=\"elementor-element elementor-element-4769183 elementor-widget elementor-widget-image\" data-id=\"4769183\" data-element_type=\"widget\" data-widget_type=\"image.default\">\n\t\t\t\t<div class=\"elementor-widget-container\">\n\t\t\t\t\t\t\t\t\t\t\t\t<figure class=\"wp-caption\">\n\t\t\t\t\t\t\t\t\t\t<img decoding=\"async\" width=\"920\" height=\"578\" src=\"https:\/\/imearb.com.br\/brasilia60anos\/wp-content\/uploads\/2020\/08\/editada_38-1024x643.jpg\" class=\"attachment-large size-large wp-image-174\" alt=\"\u201cCatedral Nossa Senhora Aparecida\u201d, Colombo. Documento fotogr\u00e1fico, 9 x 12 cm.\" srcset=\"https:\/\/imearb.com.br\/brasilia60anos\/wp-content\/uploads\/2020\/08\/editada_38-1024x643.jpg 1024w, https:\/\/imearb.com.br\/brasilia60anos\/wp-content\/uploads\/2020\/08\/editada_38-300x188.jpg 300w, https:\/\/imearb.com.br\/brasilia60anos\/wp-content\/uploads\/2020\/08\/editada_38-768x482.jpg 768w, https:\/\/imearb.com.br\/brasilia60anos\/wp-content\/uploads\/2020\/08\/editada_38-1536x965.jpg 1536w\" sizes=\"(max-width: 920px) 100vw, 920px\" \/>\t\t\t\t\t\t\t\t\t\t\t<figcaption class=\"widget-image-caption wp-caption-text\">\u201cCatedral Nossa Senhora Aparecida\u201d, Colombo.\nDocumento fotogr\u00e1fico, 9 x 12 cm.<\/figcaption>\n\t\t\t\t\t\t\t\t\t\t<\/figure>\n\t\t\t\t\t\t\t\t\t<\/div>\n\t\t\t\t<\/div>\n\t\t\t\t\t<\/div>\n\t\t<\/div>\n\t\t\t\t<div class=\"elementor-column elementor-col-33 elementor-top-column elementor-element elementor-element-9f57864\" data-id=\"9f57864\" data-element_type=\"column\">\n\t\t\t<div class=\"elementor-widget-wrap elementor-element-populated\">\n\t\t\t\t\t\t<div class=\"elementor-element elementor-element-4320d5a elementor-widget elementor-widget-image\" data-id=\"4320d5a\" data-element_type=\"widget\" data-widget_type=\"image.default\">\n\t\t\t\t<div class=\"elementor-widget-container\">\n\t\t\t\t\t\t\t\t\t\t\t\t<figure class=\"wp-caption\">\n\t\t\t\t\t\t\t\t\t\t<img decoding=\"async\" width=\"920\" height=\"562\" src=\"https:\/\/imearb.com.br\/brasilia60anos\/wp-content\/uploads\/2020\/08\/editada_32-1024x625.jpg\" class=\"attachment-large size-large wp-image-167\" alt=\"\u201cBras\u00edlia Palace Hotel\u201d, Colombo. Documento fotogr\u00e1fico, 9 x 12 cm.\" srcset=\"https:\/\/imearb.com.br\/brasilia60anos\/wp-content\/uploads\/2020\/08\/editada_32-1024x625.jpg 1024w, https:\/\/imearb.com.br\/brasilia60anos\/wp-content\/uploads\/2020\/08\/editada_32-300x183.jpg 300w, https:\/\/imearb.com.br\/brasilia60anos\/wp-content\/uploads\/2020\/08\/editada_32-768x469.jpg 768w, https:\/\/imearb.com.br\/brasilia60anos\/wp-content\/uploads\/2020\/08\/editada_32-1536x938.jpg 1536w, https:\/\/imearb.com.br\/brasilia60anos\/wp-content\/uploads\/2020\/08\/editada_32-2048x1251.jpg 2048w\" sizes=\"(max-width: 920px) 100vw, 920px\" \/>\t\t\t\t\t\t\t\t\t\t\t<figcaption class=\"widget-image-caption wp-caption-text\">\u201cBras\u00edlia Palace Hotel\u201d, Colombo.                     \nDocumento fotogr\u00e1fico, 9 x 12 cm.<\/figcaption>\n\t\t\t\t\t\t\t\t\t\t<\/figure>\n\t\t\t\t\t\t\t\t\t<\/div>\n\t\t\t\t<\/div>\n\t\t\t\t\t<\/div>\n\t\t<\/div>\n\t\t\t\t\t<\/div>\n\t\t<\/section>\n\t\t\t\t<section class=\"elementor-section elementor-top-section elementor-element elementor-element-0361a13 elementor-section-boxed elementor-section-height-default elementor-section-height-default\" data-id=\"0361a13\" data-element_type=\"section\">\n\t\t\t\t\t\t<div class=\"elementor-container elementor-column-gap-default\">\n\t\t\t\t\t<div class=\"elementor-column elementor-col-100 elementor-top-column elementor-element elementor-element-56fa12e\" data-id=\"56fa12e\" data-element_type=\"column\">\n\t\t\t<div class=\"elementor-widget-wrap elementor-element-populated\">\n\t\t\t\t\t\t<section class=\"elementor-section elementor-inner-section elementor-element elementor-element-5cff778 elementor-section-boxed elementor-section-height-default elementor-section-height-default\" data-id=\"5cff778\" data-element_type=\"section\">\n\t\t\t\t\t\t<div class=\"elementor-container elementor-column-gap-default\">\n\t\t\t\t\t<div class=\"elementor-column elementor-col-100 elementor-inner-column elementor-element elementor-element-6da9867\" data-id=\"6da9867\" data-element_type=\"column\">\n\t\t\t<div class=\"elementor-widget-wrap elementor-element-populated\">\n\t\t\t\t\t\t<div class=\"elementor-element elementor-element-c33c312 elementor-align-center elementor-widget elementor-widget-button\" data-id=\"c33c312\" data-element_type=\"widget\" data-settings=\"{&quot;_animation&quot;:&quot;none&quot;}\" data-widget_type=\"button.default\">\n\t\t\t\t<div class=\"elementor-widget-container\">\n\t\t\t\t\t\t\t\t\t<div class=\"elementor-button-wrapper\">\n\t\t\t\t\t<a class=\"elementor-button elementor-button-link elementor-size-md elementor-animation-float\" href=\"https:\/\/imearb.com.br\/brasilia60anos\/galeria-brasilia-2\/\">\n\t\t\t\t\t\t<span class=\"elementor-button-content-wrapper\">\n\t\t\t\t\t\t<span class=\"elementor-button-icon\">\n\t\t\t\t<i aria-hidden=\"true\" class=\"fas fa-chevron-right\"><\/i>\t\t\t<\/span>\n\t\t\t\t\t\t\t\t\t<span class=\"elementor-button-text\">Acessar Galeria Virtual<\/span>\n\t\t\t\t\t<\/span>\n\t\t\t\t\t<\/a>\n\t\t\t\t<\/div>\n\t\t\t\t\t\t\t\t<\/div>\n\t\t\t\t<\/div>\n\t\t\t\t\t<\/div>\n\t\t<\/div>\n\t\t\t\t\t<\/div>\n\t\t<\/section>\n\t\t\t\t<div class=\"elementor-element elementor-element-0669c4a elementor-drop-cap-yes elementor-drop-cap-view-default elementor-widget elementor-widget-text-editor\" data-id=\"0669c4a\" data-element_type=\"widget\" data-settings=\"{&quot;drop_cap&quot;:&quot;yes&quot;}\" data-widget_type=\"text-editor.default\">\n\t\t\t\t<div class=\"elementor-widget-container\">\n\t\t\t\t\t\t\t\t\t<p><\/p>\n<p>A presen\u00e7a de trabalhos como os do paisagista Roberto Burle Marx, de artistas pl\u00e1sticos como Portinari, Volpi, Bruno Giorgi, Ceschiatti, Maria Martins e dos murais de Athos Bulc\u00e3o e Paulo Werneck junto ao conjunto urban\u00edstico e arquitetural em Bras\u00edlia definiria o que M\u00e1rio Pedrosa concebeu como a no\u00e7\u00e3o de \u201cS\u00edntese das Artes\u201d. Uma aspira\u00e7\u00e3o integradora que abrangeria, segundo o cr\u00edtico, uma totalidade social, cultural e art\u00edstica para a nova capital.&nbsp;<\/p>\n<p><\/p>\n<p><\/p>\n<p>Um ano antes de sua inaugura\u00e7\u00e3o, ocorre ainda em Bras\u00edlia, organizada pela AICA (Associa\u00e7\u00e3o Internacional de Cr\u00edticos de Arte), sob a vice-presid\u00eancia de M\u00e1rio Pedrosa, o Congresso Internacional Extraordin\u00e1rio de Cr\u00edticos de Arte, reunindo cr\u00edticos nacionais e internacionais com o objetivo de discutir a proposta de Bras\u00edlia assim como os desdobramentos na produ\u00e7\u00e3o brasileira e reflex\u00f5es sobre a cidade nova.<\/p>\n<p><\/p>\n<p><\/p>\n<p>E assim, em 21 de abril de 1960, oficializada a transfer\u00eancia e implanta\u00e7\u00e3o do novo Distrito Federal no Planalto Central, Bras\u00edlia \u00e9 inaugurada, sendo o dia preenchido de festividades e solenidades. Como disse Juscelino Kubitschek acerca de t\u00e3o esperada data: \u201cSe acredito ou n\u00e3o, \u00e9 outra hist\u00f3ria. O certo \u00e9 que no dia 21 de abril, colocarei minha bagagem num autom\u00f3vel e quem quiser que me acompanhe.\u201d&nbsp;&nbsp;<\/p>\n<p><\/p>\t\t\t\t\t\t\t\t<\/div>\n\t\t\t\t<\/div>\n\t\t\t\t\t<\/div>\n\t\t<\/div>\n\t\t\t\t\t<\/div>\n\t\t<\/section>\n\t\t\t\t<section class=\"elementor-section elementor-top-section elementor-element elementor-element-f30db38 elementor-section-boxed elementor-section-height-default elementor-section-height-default\" data-id=\"f30db38\" data-element_type=\"section\">\n\t\t\t\t\t\t<div class=\"elementor-container elementor-column-gap-default\">\n\t\t\t\t\t<div class=\"elementor-column elementor-col-100 elementor-top-column elementor-element elementor-element-5fc1262\" data-id=\"5fc1262\" data-element_type=\"column\">\n\t\t\t<div class=\"elementor-widget-wrap elementor-element-populated\">\n\t\t\t\t\t\t<div class=\"elementor-element elementor-element-8822be4 elementor-widget-divider--view-line elementor-widget elementor-widget-divider\" data-id=\"8822be4\" data-element_type=\"widget\" data-widget_type=\"divider.default\">\n\t\t\t\t<div class=\"elementor-widget-container\">\n\t\t\t\t\t\t\t<div class=\"elementor-divider\">\n\t\t\t<span class=\"elementor-divider-separator\">\n\t\t\t\t\t\t<\/span>\n\t\t<\/div>\n\t\t\t\t\t\t<\/div>\n\t\t\t\t<\/div>\n\t\t\t\t\t<\/div>\n\t\t<\/div>\n\t\t\t\t\t<\/div>\n\t\t<\/section>\n\t\t\t\t<section class=\"elementor-section elementor-top-section elementor-element elementor-element-10c72606 elementor-section-stretched elementor-section-boxed elementor-section-height-default elementor-section-height-default\" data-id=\"10c72606\" data-element_type=\"section\" data-settings=\"{&quot;stretch_section&quot;:&quot;section-stretched&quot;,&quot;background_background&quot;:&quot;classic&quot;}\">\n\t\t\t\t\t\t<div class=\"elementor-container elementor-column-gap-default\">\n\t\t\t\t\t<div class=\"elementor-column elementor-col-25 elementor-top-column elementor-element elementor-element-6500c32d\" data-id=\"6500c32d\" data-element_type=\"column\">\n\t\t\t<div class=\"elementor-widget-wrap elementor-element-populated\">\n\t\t\t\t\t\t<div class=\"elementor-element elementor-element-40675881 elementor-widget elementor-widget-text-editor\" data-id=\"40675881\" data-element_type=\"widget\" data-widget_type=\"text-editor.default\">\n\t\t\t\t<div class=\"elementor-widget-container\">\n\t\t\t\t\t\t\t\t\t<p>REALIZA\u00e7\u00c3O<\/p>\t\t\t\t\t\t\t\t<\/div>\n\t\t\t\t<\/div>\n\t\t\t\t<div class=\"elementor-element elementor-element-231fe937 elementor-widget elementor-widget-image\" data-id=\"231fe937\" data-element_type=\"widget\" data-widget_type=\"image.default\">\n\t\t\t\t<div class=\"elementor-widget-container\">\n\t\t\t\t\t\t\t\t\t\t\t\t\t\t\t<img loading=\"lazy\" decoding=\"async\" width=\"920\" height=\"386\" src=\"https:\/\/imearb.com.br\/brasilia60anos\/wp-content\/uploads\/2020\/08\/imearb2-1024x430.png\" class=\"attachment-large size-large wp-image-222\" alt=\"\" srcset=\"https:\/\/imearb.com.br\/brasilia60anos\/wp-content\/uploads\/2020\/08\/imearb2-1024x430.png 1024w, https:\/\/imearb.com.br\/brasilia60anos\/wp-content\/uploads\/2020\/08\/imearb2-300x126.png 300w, https:\/\/imearb.com.br\/brasilia60anos\/wp-content\/uploads\/2020\/08\/imearb2-768x322.png 768w, https:\/\/imearb.com.br\/brasilia60anos\/wp-content\/uploads\/2020\/08\/imearb2.png 1406w\" sizes=\"(max-width: 920px) 100vw, 920px\" \/>\t\t\t\t\t\t\t\t\t\t\t\t\t\t\t<\/div>\n\t\t\t\t<\/div>\n\t\t\t\t<div class=\"elementor-element elementor-element-cfb3817 elementor-widget-divider--view-line elementor-widget elementor-widget-divider\" data-id=\"cfb3817\" data-element_type=\"widget\" data-widget_type=\"divider.default\">\n\t\t\t\t<div class=\"elementor-widget-container\">\n\t\t\t\t\t\t\t<div class=\"elementor-divider\">\n\t\t\t<span class=\"elementor-divider-separator\">\n\t\t\t\t\t\t<\/span>\n\t\t<\/div>\n\t\t\t\t\t\t<\/div>\n\t\t\t\t<\/div>\n\t\t\t\t<div class=\"elementor-element elementor-element-d82747d elementor-widget elementor-widget-text-editor\" data-id=\"d82747d\" data-element_type=\"widget\" data-widget_type=\"text-editor.default\">\n\t\t\t\t<div class=\"elementor-widget-container\">\n\t\t\t\t\t\t\t\t\t<p><a href=\"https:\/\/imearb.com.br\/\">www.imearb.org.br<\/a><\/p>\t\t\t\t\t\t\t\t<\/div>\n\t\t\t\t<\/div>\n\t\t\t\t\t<\/div>\n\t\t<\/div>\n\t\t\t\t<div class=\"elementor-column elementor-col-25 elementor-top-column elementor-element elementor-element-c938563\" data-id=\"c938563\" data-element_type=\"column\">\n\t\t\t<div class=\"elementor-widget-wrap elementor-element-populated\">\n\t\t\t\t\t\t<div class=\"elementor-element elementor-element-479642bd elementor-widget elementor-widget-text-editor\" data-id=\"479642bd\" data-element_type=\"widget\" data-widget_type=\"text-editor.default\">\n\t\t\t\t<div class=\"elementor-widget-container\">\n\t\t\t\t\t\t\t\t\t<p>Apoio<\/p>\t\t\t\t\t\t\t\t<\/div>\n\t\t\t\t<\/div>\n\t\t\t\t<div class=\"elementor-element elementor-element-2f24ae84 elementor-widget elementor-widget-image\" data-id=\"2f24ae84\" data-element_type=\"widget\" data-widget_type=\"image.default\">\n\t\t\t\t<div class=\"elementor-widget-container\">\n\t\t\t\t\t\t\t\t\t\t\t\t\t\t\t<img loading=\"lazy\" decoding=\"async\" width=\"852\" height=\"568\" src=\"https:\/\/imearb.com.br\/brasilia60anos\/wp-content\/uploads\/2020\/08\/UIA2021RIO-LOGO-PT.jpg\" class=\"attachment-large size-large wp-image-262\" alt=\"\" srcset=\"https:\/\/imearb.com.br\/brasilia60anos\/wp-content\/uploads\/2020\/08\/UIA2021RIO-LOGO-PT.jpg 852w, https:\/\/imearb.com.br\/brasilia60anos\/wp-content\/uploads\/2020\/08\/UIA2021RIO-LOGO-PT-300x200.jpg 300w, https:\/\/imearb.com.br\/brasilia60anos\/wp-content\/uploads\/2020\/08\/UIA2021RIO-LOGO-PT-768x512.jpg 768w\" sizes=\"(max-width: 852px) 100vw, 852px\" \/>\t\t\t\t\t\t\t\t\t\t\t\t\t\t\t<\/div>\n\t\t\t\t<\/div>\n\t\t\t\t\t<\/div>\n\t\t<\/div>\n\t\t\t\t<div class=\"elementor-column elementor-col-25 elementor-top-column elementor-element elementor-element-401d1d4a\" data-id=\"401d1d4a\" data-element_type=\"column\">\n\t\t\t<div class=\"elementor-widget-wrap elementor-element-populated\">\n\t\t\t\t\t\t<div class=\"elementor-element elementor-element-5226b5ce elementor-widget elementor-widget-text-editor\" data-id=\"5226b5ce\" data-element_type=\"widget\" data-widget_type=\"text-editor.default\">\n\t\t\t\t<div class=\"elementor-widget-container\">\n\t\t\t\t\t\t\t\t\t<p>Curadoria<\/p>\t\t\t\t\t\t\t\t<\/div>\n\t\t\t\t<\/div>\n\t\t\t\t<div class=\"elementor-element elementor-element-119df10 elementor-widget elementor-widget-text-editor\" data-id=\"119df10\" data-element_type=\"widget\" data-widget_type=\"text-editor.default\">\n\t\t\t\t<div class=\"elementor-widget-container\">\n\t\t\t\t\t\t\t\t\t<p>Julia Cavalcante<\/p>\t\t\t\t\t\t\t\t<\/div>\n\t\t\t\t<\/div>\n\t\t\t\t\t<\/div>\n\t\t<\/div>\n\t\t\t\t<div class=\"elementor-column elementor-col-25 elementor-top-column elementor-element elementor-element-12e3b58e\" data-id=\"12e3b58e\" data-element_type=\"column\">\n\t\t\t<div class=\"elementor-widget-wrap elementor-element-populated\">\n\t\t\t\t\t\t<div class=\"elementor-element elementor-element-5ede2215 elementor-widget elementor-widget-text-editor\" data-id=\"5ede2215\" data-element_type=\"widget\" data-widget_type=\"text-editor.default\">\n\t\t\t\t<div class=\"elementor-widget-container\">\n\t\t\t\t\t\t\t\t\t<p>Webdesign<\/p>\t\t\t\t\t\t\t\t<\/div>\n\t\t\t\t<\/div>\n\t\t\t\t<div class=\"elementor-element elementor-element-2b1d7b39 elementor-widget elementor-widget-text-editor\" data-id=\"2b1d7b39\" data-element_type=\"widget\" data-widget_type=\"text-editor.default\">\n\t\t\t\t<div class=\"elementor-widget-container\">\n\t\t\t\t\t\t\t\t\t<p>Camila Dias Design<\/p>\t\t\t\t\t\t\t\t<\/div>\n\t\t\t\t<\/div>\n\t\t\t\t\t<\/div>\n\t\t<\/div>\n\t\t\t\t\t<\/div>\n\t\t<\/section>\n\t\t\t\t<section class=\"elementor-section elementor-top-section elementor-element elementor-element-d46f042 elementor-section-boxed elementor-section-height-default elementor-section-height-default\" data-id=\"d46f042\" data-element_type=\"section\">\n\t\t\t\t\t\t<div class=\"elementor-container elementor-column-gap-default\">\n\t\t\t\t\t<div class=\"elementor-column elementor-col-100 elementor-top-column elementor-element elementor-element-e622250\" data-id=\"e622250\" data-element_type=\"column\">\n\t\t\t<div class=\"elementor-widget-wrap\">\n\t\t\t\t\t\t\t<\/div>\n\t\t<\/div>\n\t\t\t\t\t<\/div>\n\t\t<\/section>\n\t\t\t\t<\/div>\n\t\t","protected":false},"excerpt":{"rendered":"<p>Acessar Galeria Virtual \u201cCongresso Nacional\u201d Oscar Niemeyer. Serigrafia, 31\/200, 49 x 69 cm. \u00c1lbum: Oscar Niemeyer e L\u00facio Costa. Bras\u00edlia para sempre. Rio de Janeiro: Lithos Edi\u00e7\u00f5es de Arte, 1999.<\/p>\n<p class=\"more-link\"><a href=\"https:\/\/imearb.com.br\/brasilia60anos\/\" class=\"readmore\">Continue reading<svg class=\"icon icon-arrow-right\" aria-hidden=\"true\" role=\"img\"> <use href=\"#icon-arrow-right\" xlink:href=\"#icon-arrow-right\"><\/use> <\/svg><span class=\"screen-reader-text\">Bras\u00edlia Anos 60<\/span><\/a><\/p>\n","protected":false},"author":1,"featured_media":16,"parent":0,"menu_order":0,"comment_status":"closed","ping_status":"open","template":"templates\/full-width-page.php","meta":{"footnotes":""},"class_list":["post-2","page","type-page","status-publish","has-post-thumbnail","hentry"],"_links":{"self":[{"href":"https:\/\/imearb.com.br\/brasilia60anos\/wp-json\/wp\/v2\/pages\/2","targetHints":{"allow":["GET"]}}],"collection":[{"href":"https:\/\/imearb.com.br\/brasilia60anos\/wp-json\/wp\/v2\/pages"}],"about":[{"href":"https:\/\/imearb.com.br\/brasilia60anos\/wp-json\/wp\/v2\/types\/page"}],"author":[{"embeddable":true,"href":"https:\/\/imearb.com.br\/brasilia60anos\/wp-json\/wp\/v2\/users\/1"}],"replies":[{"embeddable":true,"href":"https:\/\/imearb.com.br\/brasilia60anos\/wp-json\/wp\/v2\/comments?post=2"}],"version-history":[{"count":54,"href":"https:\/\/imearb.com.br\/brasilia60anos\/wp-json\/wp\/v2\/pages\/2\/revisions"}],"predecessor-version":[{"id":355,"href":"https:\/\/imearb.com.br\/brasilia60anos\/wp-json\/wp\/v2\/pages\/2\/revisions\/355"}],"wp:featuredmedia":[{"embeddable":true,"href":"https:\/\/imearb.com.br\/brasilia60anos\/wp-json\/wp\/v2\/media\/16"}],"wp:attachment":[{"href":"https:\/\/imearb.com.br\/brasilia60anos\/wp-json\/wp\/v2\/media?parent=2"}],"curies":[{"name":"wp","href":"https:\/\/api.w.org\/{rel}","templated":true}]}}