{"id":290,"date":"2020-08-27T19:09:06","date_gmt":"2020-08-27T19:09:06","guid":{"rendered":"https:\/\/imearb.com.br\/brasilia60anos\/?page_id=290"},"modified":"2021-09-09T15:04:01","modified_gmt":"2021-09-09T15:04:01","slug":"galeria-brasilia-2","status":"publish","type":"page","link":"https:\/\/imearb.com.br\/brasilia60anos\/galeria-brasilia-2\/","title":{"rendered":""},"content":{"rendered":"\t\t<div data-elementor-type=\"wp-page\" data-elementor-id=\"290\" class=\"elementor elementor-290\">\n\t\t\t\t\t\t<section class=\"elementor-section elementor-top-section elementor-element elementor-element-9cf7f13 elementor-section-boxed elementor-section-height-default elementor-section-height-default\" data-id=\"9cf7f13\" data-element_type=\"section\">\n\t\t\t\t\t\t<div class=\"elementor-container elementor-column-gap-default\">\n\t\t\t\t\t<div class=\"elementor-column elementor-col-100 elementor-top-column elementor-element elementor-element-a0a445b\" data-id=\"a0a445b\" data-element_type=\"column\">\n\t\t\t<div class=\"elementor-widget-wrap elementor-element-populated\">\n\t\t\t\t\t\t<div class=\"elementor-element elementor-element-cebd622 elementor-widget elementor-widget-heading\" data-id=\"cebd622\" data-element_type=\"widget\" data-widget_type=\"heading.default\">\n\t\t\t\t<div class=\"elementor-widget-container\">\n\t\t\t\t\t<h2 class=\"elementor-heading-title elementor-size-default\">Bras\u00edlia ANOS 60<\/h2>\t\t\t\t<\/div>\n\t\t\t\t<\/div>\n\t\t\t\t<div class=\"elementor-element elementor-element-779c503 elementor-widget-divider--view-line elementor-widget elementor-widget-divider\" data-id=\"779c503\" data-element_type=\"widget\" data-widget_type=\"divider.default\">\n\t\t\t\t<div class=\"elementor-widget-container\">\n\t\t\t\t\t\t\t<div class=\"elementor-divider\">\n\t\t\t<span class=\"elementor-divider-separator\">\n\t\t\t\t\t\t<\/span>\n\t\t<\/div>\n\t\t\t\t\t\t<\/div>\n\t\t\t\t<\/div>\n\t\t\t\t<div class=\"elementor-element elementor-element-dd40fbf elementor-widget elementor-widget-heading\" data-id=\"dd40fbf\" data-element_type=\"widget\" data-widget_type=\"heading.default\">\n\t\t\t\t<div class=\"elementor-widget-container\">\n\t\t\t\t\t<h2 class=\"elementor-heading-title elementor-size-default\">Galeria <\/h2>\t\t\t\t<\/div>\n\t\t\t\t<\/div>\n\t\t\t\t\t<\/div>\n\t\t<\/div>\n\t\t\t\t\t<\/div>\n\t\t<\/section>\n\t\t\t\t<section class=\"elementor-section elementor-top-section elementor-element elementor-element-0d0c603 elementor-section-stretched elementor-section-boxed elementor-section-height-default elementor-section-height-default\" data-id=\"0d0c603\" data-element_type=\"section\" data-settings=\"{&quot;stretch_section&quot;:&quot;section-stretched&quot;}\">\n\t\t\t\t\t\t<div class=\"elementor-container elementor-column-gap-default\">\n\t\t\t\t\t<div class=\"elementor-column elementor-col-100 elementor-top-column elementor-element elementor-element-75c85c5\" data-id=\"75c85c5\" data-element_type=\"column\">\n\t\t\t<div class=\"elementor-widget-wrap elementor-element-populated\">\n\t\t\t\t\t\t<div class=\"elementor-element elementor-element-ac0529a elementor-arrows-position-outside elementor-widget__width-inherit elementor-widget elementor-widget-image-carousel\" data-id=\"ac0529a\" data-element_type=\"widget\" data-settings=\"{&quot;slides_to_show&quot;:&quot;1&quot;,&quot;slides_to_show_mobile&quot;:&quot;1&quot;,&quot;navigation&quot;:&quot;arrows&quot;,&quot;autoplay_speed&quot;:6000,&quot;autoplay&quot;:&quot;yes&quot;,&quot;pause_on_hover&quot;:&quot;yes&quot;,&quot;pause_on_interaction&quot;:&quot;yes&quot;,&quot;infinite&quot;:&quot;yes&quot;,&quot;effect&quot;:&quot;slide&quot;,&quot;speed&quot;:500}\" data-widget_type=\"image-carousel.default\">\n\t\t\t\t<div class=\"elementor-widget-container\">\n\t\t\t\t\t\t\t<div class=\"elementor-image-carousel-wrapper swiper\" role=\"region\" aria-roledescription=\"carousel\" aria-label=\"Carrossel de imagens\" dir=\"ltr\">\n\t\t\t<div class=\"elementor-image-carousel swiper-wrapper swiper-image-stretch\" aria-live=\"off\">\n\t\t\t\t\t\t\t\t<div class=\"swiper-slide\" role=\"group\" aria-roledescription=\"slide\" aria-label=\"1 de 35\"><a data-elementor-open-lightbox=\"yes\" data-elementor-lightbox-slideshow=\"ac0529a\" data-elementor-lightbox-title=\"&quot;Plano Piloto\u201d, Lucio Costa.\" data-elementor-lightbox-description=\"&quot;Plano Piloto\u201d, Lucio Costa.\nSerigrafia, 25\/200, 69,5 x 48,5 cm.\n\u00c1lbum: Oscar Niemeyer e L\u00facio Costa. Bras\u00edlia para sempre. Rio de Janeiro: Lithos Edi\u00e7\u00f5es de Arte, 1999.\" data-e-action-hash=\"#elementor-action%3Aaction%3Dlightbox%26settings%3DeyJpZCI6MTMzLCJ1cmwiOiJodHRwczpcL1wvaW1lYXJiLmNvbS5iclwvYnJhc2lsaWE2MGFub3NcL3dwLWNvbnRlbnRcL3VwbG9hZHNcLzIwMjBcLzA4XC8yLTIuanBnIiwic2xpZGVzaG93IjoiYWMwNTI5YSJ9\" href=\"https:\/\/imearb.com.br\/brasilia60anos\/wp-content\/uploads\/2020\/08\/2-2.jpg\"><figure class=\"swiper-slide-inner\"><img decoding=\"async\" class=\"swiper-slide-image\" src=\"https:\/\/imearb.com.br\/brasilia60anos\/wp-content\/uploads\/2020\/08\/2-2.jpg\" alt=\"&quot;Plano Piloto\u201d, Lucio Costa. Serigrafia, 25\/200, 69,5 x 48,5 cm. \u00c1lbum: Oscar Niemeyer e L\u00facio Costa. Bras\u00edlia para sempre. Rio de Janeiro: Lithos Edi\u00e7\u00f5es de Arte, 1999.\" \/><figcaption class=\"elementor-image-carousel-caption\">\"Plano Piloto\u201d, Lucio Costa.\nSerigrafia, 25\/200, 69,5 x 48,5 cm.\n\u00c1lbum: Oscar Niemeyer e L\u00facio Costa. Bras\u00edlia para sempre. Rio de Janeiro: Lithos Edi\u00e7\u00f5es de Arte, 1999.<\/figcaption><\/figure><\/a><\/div><div class=\"swiper-slide\" role=\"group\" aria-roledescription=\"slide\" aria-label=\"2 de 35\"><a data-elementor-open-lightbox=\"yes\" data-elementor-lightbox-slideshow=\"ac0529a\" data-elementor-lightbox-title=\"\u201cSuperquadras\u201d, Lucio Costa.\" data-elementor-lightbox-description=\"\u201cSuperquadras\u201d,\nLucio Costa.\nSerigrafia, 151\/200, 47 x 66 cm\n\u00c1lbum: Oscar Niemeyer e L\u00facio Costa. Bras\u00edlia para sempre. Rio de Janeiro: Lithos Edi\u00e7\u00f5es de Arte, 1999.\" data-e-action-hash=\"#elementor-action%3Aaction%3Dlightbox%26settings%3DeyJpZCI6MTM0LCJ1cmwiOiJodHRwczpcL1wvaW1lYXJiLmNvbS5iclwvYnJhc2lsaWE2MGFub3NcL3dwLWNvbnRlbnRcL3VwbG9hZHNcLzIwMjBcLzA4XC8zLTIuanBnIiwic2xpZGVzaG93IjoiYWMwNTI5YSJ9\" href=\"https:\/\/imearb.com.br\/brasilia60anos\/wp-content\/uploads\/2020\/08\/3-2.jpg\"><figure class=\"swiper-slide-inner\"><img decoding=\"async\" class=\"swiper-slide-image\" src=\"https:\/\/imearb.com.br\/brasilia60anos\/wp-content\/uploads\/2020\/08\/3-2.jpg\" alt=\"\u201cSuperquadras\u201d, Lucio Costa. Serigrafia, 151\/200, 47 x 66 cm \u00c1lbum: Oscar Niemeyer e L\u00facio Costa. Bras\u00edlia para sempre. Rio de Janeiro: Lithos Edi\u00e7\u00f5es de Arte, 1999.\" \/><figcaption class=\"elementor-image-carousel-caption\">\u201cSuperquadras\u201d,\nLucio Costa.\nSerigrafia, 151\/200, 47 x 66 cm\n\u00c1lbum: Oscar Niemeyer e L\u00facio Costa. Bras\u00edlia para sempre. Rio de Janeiro: Lithos Edi\u00e7\u00f5es de Arte, 1999.<\/figcaption><\/figure><\/a><\/div><div class=\"swiper-slide\" role=\"group\" aria-roledescription=\"slide\" aria-label=\"3 de 35\"><a data-elementor-open-lightbox=\"yes\" data-elementor-lightbox-slideshow=\"ac0529a\" data-elementor-lightbox-title=\"\u201cCongresso Nacional\u201d, Oscar Niemeyer.\" data-elementor-lightbox-description=\"\u201cCongresso Nacional\u201d,\nOscar Niemeyer.\nSerigrafia, 31\/200, 49 x 69 cm.\n\u00c1lbum: Oscar Niemeyer e L\u00facio Costa. Bras\u00edlia para sempre. Rio de Janeiro: Lithos Edi\u00e7\u00f5es de Arte, 1999.\" data-e-action-hash=\"#elementor-action%3Aaction%3Dlightbox%26settings%3DeyJpZCI6MTM1LCJ1cmwiOiJodHRwczpcL1wvaW1lYXJiLmNvbS5iclwvYnJhc2lsaWE2MGFub3NcL3dwLWNvbnRlbnRcL3VwbG9hZHNcLzIwMjBcLzA4XC80LTIuanBnIiwic2xpZGVzaG93IjoiYWMwNTI5YSJ9\" href=\"https:\/\/imearb.com.br\/brasilia60anos\/wp-content\/uploads\/2020\/08\/4-2.jpg\"><figure class=\"swiper-slide-inner\"><img decoding=\"async\" class=\"swiper-slide-image\" src=\"https:\/\/imearb.com.br\/brasilia60anos\/wp-content\/uploads\/2020\/08\/4-2.jpg\" alt=\"\u201cCongresso Nacional\u201d, Oscar Niemeyer. Serigrafia, 31\/200, 49 x 69 cm. \u00c1lbum: Oscar Niemeyer e L\u00facio Costa. Bras\u00edlia para sempre. Rio de Janeiro: Lithos Edi\u00e7\u00f5es de Arte, 1999.\" \/><figcaption class=\"elementor-image-carousel-caption\">\u201cCongresso Nacional\u201d,\nOscar Niemeyer.\nSerigrafia, 31\/200, 49 x 69 cm.\n\u00c1lbum: Oscar Niemeyer e L\u00facio Costa. Bras\u00edlia para sempre. Rio de Janeiro: Lithos Edi\u00e7\u00f5es de Arte, 1999.<\/figcaption><\/figure><\/a><\/div><div class=\"swiper-slide\" role=\"group\" aria-roledescription=\"slide\" aria-label=\"4 de 35\"><a data-elementor-open-lightbox=\"yes\" data-elementor-lightbox-slideshow=\"ac0529a\" data-elementor-lightbox-title=\"\u201cPra\u00e7a dos Tr\u00eas Poderes\u201d, Oscar Niemeyer.\" data-elementor-lightbox-description=\"\u201cPra\u00e7a dos Tr\u00eas Poderes\u201d,\nOscar Niemeyer.\nSerigrafia, 31\/200, 49 x 69,5 cm.\n\u00c1lbum: Oscar Niemeyer e L\u00facio Costa.  Bras\u00edlia para sempre. Rio de Janeiro: Lithos Edi\u00e7\u00f5es de Arte, 1999.\" data-e-action-hash=\"#elementor-action%3Aaction%3Dlightbox%26settings%3DeyJpZCI6MTM2LCJ1cmwiOiJodHRwczpcL1wvaW1lYXJiLmNvbS5iclwvYnJhc2lsaWE2MGFub3NcL3dwLWNvbnRlbnRcL3VwbG9hZHNcLzIwMjBcLzA4XC81LTIuanBnIiwic2xpZGVzaG93IjoiYWMwNTI5YSJ9\" href=\"https:\/\/imearb.com.br\/brasilia60anos\/wp-content\/uploads\/2020\/08\/5-2.jpg\"><figure class=\"swiper-slide-inner\"><img decoding=\"async\" class=\"swiper-slide-image\" src=\"https:\/\/imearb.com.br\/brasilia60anos\/wp-content\/uploads\/2020\/08\/5-2.jpg\" alt=\"\u201cPra\u00e7a dos Tr\u00eas Poderes\u201d, Oscar Niemeyer. Serigrafia, 31\/200, 49 x 69,5 cm. \u00c1lbum: Oscar Niemeyer e L\u00facio Costa. Bras\u00edlia para sempre. Rio de Janeiro: Lithos Edi\u00e7\u00f5es de Arte, 1999.\" \/><figcaption class=\"elementor-image-carousel-caption\">\u201cPra\u00e7a dos Tr\u00eas Poderes\u201d,\nOscar Niemeyer.\nSerigrafia, 31\/200, 49 x 69,5 cm.\n\u00c1lbum: Oscar Niemeyer e L\u00facio Costa.  Bras\u00edlia para sempre. Rio de Janeiro: Lithos Edi\u00e7\u00f5es de Arte, 1999.<\/figcaption><\/figure><\/a><\/div><div class=\"swiper-slide\" role=\"group\" aria-roledescription=\"slide\" aria-label=\"5 de 35\"><a data-elementor-open-lightbox=\"yes\" data-elementor-lightbox-slideshow=\"ac0529a\" data-elementor-lightbox-title=\"\u201cCatedral Nossa Senhora Aparecida\u201d, Oscar Niemeyer.\" data-elementor-lightbox-description=\"\u201cCatedral Nossa Senhora Aparecida\u201d,\nOscar Niemeyer.\nSerigrafia, 31\/200, 49 x 69 cm.\n\u00c1lbum: Oscar Niemeyer e L\u00facio Costa.  Bras\u00edlia para sempre. Rio de Janeiro: Lithos Edi\u00e7\u00f5es de Arte, 1999.\" data-e-action-hash=\"#elementor-action%3Aaction%3Dlightbox%26settings%3DeyJpZCI6MTM3LCJ1cmwiOiJodHRwczpcL1wvaW1lYXJiLmNvbS5iclwvYnJhc2lsaWE2MGFub3NcL3dwLWNvbnRlbnRcL3VwbG9hZHNcLzIwMjBcLzA4XC82LmpwZyIsInNsaWRlc2hvdyI6ImFjMDUyOWEifQ%3D%3D\" href=\"https:\/\/imearb.com.br\/brasilia60anos\/wp-content\/uploads\/2020\/08\/6.jpg\"><figure class=\"swiper-slide-inner\"><img decoding=\"async\" class=\"swiper-slide-image\" src=\"https:\/\/imearb.com.br\/brasilia60anos\/wp-content\/uploads\/2020\/08\/6.jpg\" alt=\"\u201cCatedral Nossa Senhora Aparecida\u201d, Oscar Niemeyer. Serigrafia, 31\/200, 49 x 69 cm. \u00c1lbum: Oscar Niemeyer e L\u00facio Costa. Bras\u00edlia para sempre. Rio de Janeiro: Lithos Edi\u00e7\u00f5es de Arte, 1999.\" \/><figcaption class=\"elementor-image-carousel-caption\">\u201cCatedral Nossa Senhora Aparecida\u201d,\nOscar Niemeyer.\nSerigrafia, 31\/200, 49 x 69 cm.\n\u00c1lbum: Oscar Niemeyer e L\u00facio Costa.  Bras\u00edlia para sempre. Rio de Janeiro: Lithos Edi\u00e7\u00f5es de Arte, 1999.<\/figcaption><\/figure><\/a><\/div><div class=\"swiper-slide\" role=\"group\" aria-roledescription=\"slide\" aria-label=\"6 de 35\"><a data-elementor-open-lightbox=\"yes\" data-elementor-lightbox-slideshow=\"ac0529a\" data-elementor-lightbox-title=\"\u201cMemorial Juscelino Kubistchek\u201d, Oscar Niemeyer.\" data-elementor-lightbox-description=\"\u201cMemorial Juscelino Kubistchek\u201d,\nOscar Niemeyer.\nSerigrafia, 49 x 69 cm.\n\u00c1lbum: Oscar Niemeyer e L\u00facio Costa.  Bras\u00edlia para sempre. Rio de Janeiro: Lithos Edi\u00e7\u00f5es de Arte, 1999.\" data-e-action-hash=\"#elementor-action%3Aaction%3Dlightbox%26settings%3DeyJpZCI6MTM4LCJ1cmwiOiJodHRwczpcL1wvaW1lYXJiLmNvbS5iclwvYnJhc2lsaWE2MGFub3NcL3dwLWNvbnRlbnRcL3VwbG9hZHNcLzIwMjBcLzA4XC83LmpwZyIsInNsaWRlc2hvdyI6ImFjMDUyOWEifQ%3D%3D\" href=\"https:\/\/imearb.com.br\/brasilia60anos\/wp-content\/uploads\/2020\/08\/7.jpg\"><figure class=\"swiper-slide-inner\"><img decoding=\"async\" class=\"swiper-slide-image\" src=\"https:\/\/imearb.com.br\/brasilia60anos\/wp-content\/uploads\/2020\/08\/7.jpg\" alt=\"\u201cMemorial Juscelino Kubistchek\u201d, Oscar Niemeyer.\" \/><figcaption class=\"elementor-image-carousel-caption\">\u201cMemorial Juscelino Kubistchek\u201d,\nOscar Niemeyer.\nSerigrafia, 49 x 69 cm.\n\u00c1lbum: Oscar Niemeyer e L\u00facio Costa.  Bras\u00edlia para sempre. Rio de Janeiro: Lithos Edi\u00e7\u00f5es de Arte, 1999.<\/figcaption><\/figure><\/a><\/div><div class=\"swiper-slide\" role=\"group\" aria-roledescription=\"slide\" aria-label=\"7 de 35\"><a data-elementor-open-lightbox=\"yes\" data-elementor-lightbox-slideshow=\"ac0529a\" data-elementor-lightbox-title=\"\u201cMemorial dos Povos Ind\u00edgenas\u201d, Oscar Niemeyer.\" data-elementor-lightbox-description=\"\u201cMemorial dos Povos Ind\u00edgenas\u201d,\nOscar Niemeyer.\nSerigrafia, 49 x 69 cm.\n\u00c1lbum: Oscar Niemeyer e L\u00facio Costa.  Bras\u00edlia para sempre. Rio de Janeiro: Lithos Edi\u00e7\u00f5es de Arte, 1999.\" data-e-action-hash=\"#elementor-action%3Aaction%3Dlightbox%26settings%3DeyJpZCI6MTM5LCJ1cmwiOiJodHRwczpcL1wvaW1lYXJiLmNvbS5iclwvYnJhc2lsaWE2MGFub3NcL3dwLWNvbnRlbnRcL3VwbG9hZHNcLzIwMjBcLzA4XC84LmpwZyIsInNsaWRlc2hvdyI6ImFjMDUyOWEifQ%3D%3D\" href=\"https:\/\/imearb.com.br\/brasilia60anos\/wp-content\/uploads\/2020\/08\/8.jpg\"><figure class=\"swiper-slide-inner\"><img decoding=\"async\" class=\"swiper-slide-image\" src=\"https:\/\/imearb.com.br\/brasilia60anos\/wp-content\/uploads\/2020\/08\/8.jpg\" alt=\"\u201cMemorial dos Povos Ind\u00edgenas\u201d, Oscar Niemeyer. Serigrafia, 49 x 69 cm. \u00c1lbum: Oscar Niemeyer e L\u00facio Costa. Bras\u00edlia para sempre. Rio de Janeiro: Lithos Edi\u00e7\u00f5es de Arte, 1999.\" \/><figcaption class=\"elementor-image-carousel-caption\">\u201cMemorial dos Povos Ind\u00edgenas\u201d,\nOscar Niemeyer.\nSerigrafia, 49 x 69 cm.\n\u00c1lbum: Oscar Niemeyer e L\u00facio Costa.  Bras\u00edlia para sempre. Rio de Janeiro: Lithos Edi\u00e7\u00f5es de Arte, 1999.<\/figcaption><\/figure><\/a><\/div><div class=\"swiper-slide\" role=\"group\" aria-roledescription=\"slide\" aria-label=\"8 de 35\"><a data-elementor-open-lightbox=\"yes\" data-elementor-lightbox-slideshow=\"ac0529a\" data-elementor-lightbox-title=\"\u201cUrumb\u00e1\u201d, 1987. Roberto Burle Marx.\" data-elementor-lightbox-description=\"\u201cUrumb\u00e1\u201d, 1987.\nRoberto Burle Marx.\nLitografia, 17\/34, 44 x 59 cm.\" data-e-action-hash=\"#elementor-action%3Aaction%3Dlightbox%26settings%3DeyJpZCI6MTQwLCJ1cmwiOiJodHRwczpcL1wvaW1lYXJiLmNvbS5iclwvYnJhc2lsaWE2MGFub3NcL3dwLWNvbnRlbnRcL3VwbG9hZHNcLzIwMjBcLzA4XC8xNC5qcGciLCJzbGlkZXNob3ciOiJhYzA1MjlhIn0%3D\" href=\"https:\/\/imearb.com.br\/brasilia60anos\/wp-content\/uploads\/2020\/08\/14.jpg\"><figure class=\"swiper-slide-inner\"><img decoding=\"async\" class=\"swiper-slide-image\" src=\"https:\/\/imearb.com.br\/brasilia60anos\/wp-content\/uploads\/2020\/08\/14.jpg\" alt=\"\u201cUrumb\u00e1\u201d, 1987. Roberto Burle Marx. Litografia, 17\/34, 44 x 59 cm.\" \/><figcaption class=\"elementor-image-carousel-caption\">\u201cUrumb\u00e1\u201d, 1987.\nRoberto Burle Marx.\nLitografia, 17\/34, 44 x 59 cm.<\/figcaption><\/figure><\/a><\/div><div class=\"swiper-slide\" role=\"group\" aria-roledescription=\"slide\" aria-label=\"9 de 35\"><a data-elementor-open-lightbox=\"yes\" data-elementor-lightbox-slideshow=\"ac0529a\" data-elementor-lightbox-title=\"\u201cMist\u00e9lia\u201d, 1986. Roberto Burle Marx.\" data-elementor-lightbox-description=\"\u201cMist\u00e9lia\u201d, 1986.\nRoberto Burle Marx.\nLitografia, 11\/60, 41,5 x 63 cm.\" data-e-action-hash=\"#elementor-action%3Aaction%3Dlightbox%26settings%3DeyJpZCI6MTQ0LCJ1cmwiOiJodHRwczpcL1wvaW1lYXJiLmNvbS5iclwvYnJhc2lsaWE2MGFub3NcL3dwLWNvbnRlbnRcL3VwbG9hZHNcLzIwMjBcLzA4XC8xOS5qcGciLCJzbGlkZXNob3ciOiJhYzA1MjlhIn0%3D\" href=\"https:\/\/imearb.com.br\/brasilia60anos\/wp-content\/uploads\/2020\/08\/19.jpg\"><figure class=\"swiper-slide-inner\"><img decoding=\"async\" class=\"swiper-slide-image\" src=\"https:\/\/imearb.com.br\/brasilia60anos\/wp-content\/uploads\/2020\/08\/19.jpg\" alt=\"\u201cMist\u00e9lia\u201d, 1986. Roberto Burle Marx. Litografia, 11\/60, 41,5 x 63 cm.\" \/><figcaption class=\"elementor-image-carousel-caption\">\u201cMist\u00e9lia\u201d, 1986.\nRoberto Burle Marx.\nLitografia, 11\/60, 41,5 x 63 cm.<\/figcaption><\/figure><\/a><\/div><div class=\"swiper-slide\" role=\"group\" aria-roledescription=\"slide\" aria-label=\"10 de 35\"><a data-elementor-open-lightbox=\"yes\" data-elementor-lightbox-slideshow=\"ac0529a\" data-elementor-lightbox-title=\"\u201cTingu\u00e1\u201d, 1987. Roberto Burle Marx.\" data-elementor-lightbox-description=\"\u201cTingu\u00e1\u201d, 1987.\nRoberto Burle Marx.\nLitografia, 23\/60, 60 x 80 cm.\" data-e-action-hash=\"#elementor-action%3Aaction%3Dlightbox%26settings%3DeyJpZCI6MTQzLCJ1cmwiOiJodHRwczpcL1wvaW1lYXJiLmNvbS5iclwvYnJhc2lsaWE2MGFub3NcL3dwLWNvbnRlbnRcL3VwbG9hZHNcLzIwMjBcLzA4XC8xNy5qcGciLCJzbGlkZXNob3ciOiJhYzA1MjlhIn0%3D\" href=\"https:\/\/imearb.com.br\/brasilia60anos\/wp-content\/uploads\/2020\/08\/17.jpg\"><figure class=\"swiper-slide-inner\"><img decoding=\"async\" class=\"swiper-slide-image\" src=\"https:\/\/imearb.com.br\/brasilia60anos\/wp-content\/uploads\/2020\/08\/17.jpg\" alt=\"\u201cTingu\u00e1\u201d, 1987. Roberto Burle Marx. Litografia, 23\/60, 60 x 80 cm.\" \/><figcaption class=\"elementor-image-carousel-caption\">\u201cTingu\u00e1\u201d, 1987.\nRoberto Burle Marx.\nLitografia, 23\/60, 60 x 80 cm.<\/figcaption><\/figure><\/a><\/div><div class=\"swiper-slide\" role=\"group\" aria-roledescription=\"slide\" aria-label=\"11 de 35\"><a data-elementor-open-lightbox=\"yes\" data-elementor-lightbox-slideshow=\"ac0529a\" data-elementor-lightbox-title=\"\u201cPermuta 2\u201d, 1984. Roberto Burle Marx.\" data-elementor-lightbox-description=\"\u201cPermuta 2\u201d, 1984.\nRoberto Burle Marx.\nLitografia, 38\/60, 45 x 71 cm.\" data-e-action-hash=\"#elementor-action%3Aaction%3Dlightbox%26settings%3DeyJpZCI6MTQyLCJ1cmwiOiJodHRwczpcL1wvaW1lYXJiLmNvbS5iclwvYnJhc2lsaWE2MGFub3NcL3dwLWNvbnRlbnRcL3VwbG9hZHNcLzIwMjBcLzA4XC8xNi5qcGciLCJzbGlkZXNob3ciOiJhYzA1MjlhIn0%3D\" href=\"https:\/\/imearb.com.br\/brasilia60anos\/wp-content\/uploads\/2020\/08\/16.jpg\"><figure class=\"swiper-slide-inner\"><img decoding=\"async\" class=\"swiper-slide-image\" src=\"https:\/\/imearb.com.br\/brasilia60anos\/wp-content\/uploads\/2020\/08\/16.jpg\" alt=\"\u201cPermuta 2\u201d, 1984. Roberto Burle Marx. Litografia, 38\/60, 45 x 71 cm.\" \/><figcaption class=\"elementor-image-carousel-caption\">\u201cPermuta 2\u201d, 1984.\nRoberto Burle Marx.\nLitografia, 38\/60, 45 x 71 cm.<\/figcaption><\/figure><\/a><\/div><div class=\"swiper-slide\" role=\"group\" aria-roledescription=\"slide\" aria-label=\"12 de 35\"><a data-elementor-open-lightbox=\"yes\" data-elementor-lightbox-slideshow=\"ac0529a\" data-elementor-lightbox-title=\"\u201cAriadne\u201d, 1988. Roberto Burle Marx.\" data-elementor-lightbox-description=\"\u201cAriadne\u201d, 1988.\nRoberto Burle Marx.\nLitografia, 79\/120, 41,5 x 57 cm.\" data-e-action-hash=\"#elementor-action%3Aaction%3Dlightbox%26settings%3DeyJpZCI6MTQxLCJ1cmwiOiJodHRwczpcL1wvaW1lYXJiLmNvbS5iclwvYnJhc2lsaWE2MGFub3NcL3dwLWNvbnRlbnRcL3VwbG9hZHNcLzIwMjBcLzA4XC8xNS5qcGciLCJzbGlkZXNob3ciOiJhYzA1MjlhIn0%3D\" href=\"https:\/\/imearb.com.br\/brasilia60anos\/wp-content\/uploads\/2020\/08\/15.jpg\"><figure class=\"swiper-slide-inner\"><img decoding=\"async\" class=\"swiper-slide-image\" src=\"https:\/\/imearb.com.br\/brasilia60anos\/wp-content\/uploads\/2020\/08\/15.jpg\" alt=\"\u201cAriadne\u201d, 1988. Roberto Burle Marx. Litografia, 79\/120, 41,5 x 57 cm.\" \/><figcaption class=\"elementor-image-carousel-caption\">\u201cAriadne\u201d, 1988.\nRoberto Burle Marx.\nLitografia, 79\/120, 41,5 x 57 cm.<\/figcaption><\/figure><\/a><\/div><div class=\"swiper-slide\" role=\"group\" aria-roledescription=\"slide\" aria-label=\"13 de 35\"><a data-elementor-open-lightbox=\"yes\" data-elementor-lightbox-slideshow=\"ac0529a\" data-elementor-lightbox-title=\"\u201cConstru\u00e7\u00f5es e Pra\u00e7a dos tr\u00eas poderes\u201d, Colombo.\" data-elementor-lightbox-description=\"\u201cConstru\u00e7\u00f5es e Pra\u00e7a dos tr\u00eas poderes\u201d,\nColombo.\nDocumento fotogr\u00e1fico, 9 x 12 cm.\" data-e-action-hash=\"#elementor-action%3Aaction%3Dlightbox%26settings%3DeyJpZCI6MTU0LCJ1cmwiOiJodHRwczpcL1wvaW1lYXJiLmNvbS5iclwvYnJhc2lsaWE2MGFub3NcL3dwLWNvbnRlbnRcL3VwbG9hZHNcLzIwMjBcLzA4XC9lZGl0YWRhXzIwLXNjYWxlZC5qcGciLCJzbGlkZXNob3ciOiJhYzA1MjlhIn0%3D\" href=\"https:\/\/imearb.com.br\/brasilia60anos\/wp-content\/uploads\/2020\/08\/editada_20-scaled.jpg\"><figure class=\"swiper-slide-inner\"><img decoding=\"async\" class=\"swiper-slide-image\" src=\"https:\/\/imearb.com.br\/brasilia60anos\/wp-content\/uploads\/2020\/08\/editada_20-scaled.jpg\" alt=\"\u201cConstru\u00e7\u00f5es e Pra\u00e7a dos tr\u00eas poderes\u201d, Colombo. Documento fotogr\u00e1fico, 9 x 12 cm.\" \/><figcaption class=\"elementor-image-carousel-caption\">\u201cConstru\u00e7\u00f5es e Pra\u00e7a dos tr\u00eas poderes\u201d,\nColombo.\nDocumento fotogr\u00e1fico, 9 x 12 cm.<\/figcaption><\/figure><\/a><\/div><div class=\"swiper-slide\" role=\"group\" aria-roledescription=\"slide\" aria-label=\"14 de 35\"><a data-elementor-open-lightbox=\"yes\" data-elementor-lightbox-slideshow=\"ac0529a\" data-elementor-lightbox-title=\"\u201cConstru\u00e7\u00e3o do Pal\u00e1cio da Alvorada\u201d, Colombo.\" data-elementor-lightbox-description=\"\u201cConstru\u00e7\u00e3o do Pal\u00e1cio da Alvorada\u201d,\nColombo.\nDocumento fotogr\u00e1fico, 9 x 12 cm.\" data-e-action-hash=\"#elementor-action%3Aaction%3Dlightbox%26settings%3DeyJpZCI6MTU1LCJ1cmwiOiJodHRwczpcL1wvaW1lYXJiLmNvbS5iclwvYnJhc2lsaWE2MGFub3NcL3dwLWNvbnRlbnRcL3VwbG9hZHNcLzIwMjBcLzA4XC9lZGl0YWRhXzIxLXNjYWxlZC5qcGciLCJzbGlkZXNob3ciOiJhYzA1MjlhIn0%3D\" href=\"https:\/\/imearb.com.br\/brasilia60anos\/wp-content\/uploads\/2020\/08\/editada_21-scaled.jpg\"><figure class=\"swiper-slide-inner\"><img decoding=\"async\" class=\"swiper-slide-image\" src=\"https:\/\/imearb.com.br\/brasilia60anos\/wp-content\/uploads\/2020\/08\/editada_21-scaled.jpg\" alt=\"\u201cConstru\u00e7\u00e3o do Pal\u00e1cio da Alvorada\u201d, Colombo. Documento fotogr\u00e1fico, 9 x 12 cm.\" \/><figcaption class=\"elementor-image-carousel-caption\">\u201cConstru\u00e7\u00e3o do Pal\u00e1cio da Alvorada\u201d,\nColombo.\nDocumento fotogr\u00e1fico, 9 x 12 cm.<\/figcaption><\/figure><\/a><\/div><div class=\"swiper-slide\" role=\"group\" aria-roledescription=\"slide\" aria-label=\"15 de 35\"><a data-elementor-open-lightbox=\"yes\" data-elementor-lightbox-slideshow=\"ac0529a\" data-elementor-lightbox-title=\"\u201cConstru\u00e7\u00e3o do Congresso Nacional\u201d, Colombo.\" data-elementor-lightbox-description=\"\u201cConstru\u00e7\u00e3o do Congresso Nacional\u201d,\nColombo.\nDocumento fotogr\u00e1fico, 9 x 12 cm\t\" data-e-action-hash=\"#elementor-action%3Aaction%3Dlightbox%26settings%3DeyJpZCI6MTU2LCJ1cmwiOiJodHRwczpcL1wvaW1lYXJiLmNvbS5iclwvYnJhc2lsaWE2MGFub3NcL3dwLWNvbnRlbnRcL3VwbG9hZHNcLzIwMjBcLzA4XC9lZGl0YWRhXzIzLmpwZyIsInNsaWRlc2hvdyI6ImFjMDUyOWEifQ%3D%3D\" href=\"https:\/\/imearb.com.br\/brasilia60anos\/wp-content\/uploads\/2020\/08\/editada_23.jpg\"><figure class=\"swiper-slide-inner\"><img decoding=\"async\" class=\"swiper-slide-image\" src=\"https:\/\/imearb.com.br\/brasilia60anos\/wp-content\/uploads\/2020\/08\/editada_23.jpg\" alt=\"\u201cConstru\u00e7\u00e3o do Congresso Nacional\u201d, Colombo. Documento fotogr\u00e1fico, 9 x 12 cm\" \/><figcaption class=\"elementor-image-carousel-caption\">\u201cConstru\u00e7\u00e3o do Congresso Nacional\u201d,\nColombo.\nDocumento fotogr\u00e1fico, 9 x 12 cm\t<\/figcaption><\/figure><\/a><\/div><div class=\"swiper-slide\" role=\"group\" aria-roledescription=\"slide\" aria-label=\"16 de 35\"><a data-elementor-open-lightbox=\"yes\" data-elementor-lightbox-slideshow=\"ac0529a\" data-elementor-lightbox-title=\"\u201cFunda\u00e7\u00e3o de casa popular\u201d, Colombo.\" data-elementor-lightbox-description=\"\u201cFunda\u00e7\u00e3o de casa popular\u201d, Colombo.        \nDocumento fotogr\u00e1fico, 9 x 12 cm.\" data-e-action-hash=\"#elementor-action%3Aaction%3Dlightbox%26settings%3DeyJpZCI6MTU3LCJ1cmwiOiJodHRwczpcL1wvaW1lYXJiLmNvbS5iclwvYnJhc2lsaWE2MGFub3NcL3dwLWNvbnRlbnRcL3VwbG9hZHNcLzIwMjBcLzA4XC9lZGl0YWRhXzI0LmpwZyIsInNsaWRlc2hvdyI6ImFjMDUyOWEifQ%3D%3D\" href=\"https:\/\/imearb.com.br\/brasilia60anos\/wp-content\/uploads\/2020\/08\/editada_24.jpg\"><figure class=\"swiper-slide-inner\"><img decoding=\"async\" class=\"swiper-slide-image\" src=\"https:\/\/imearb.com.br\/brasilia60anos\/wp-content\/uploads\/2020\/08\/editada_24.jpg\" alt=\"\u201cFunda\u00e7\u00e3o de casa popular\u201d, Colombo. Documento fotogr\u00e1fico, 9 x 12 cm.\" \/><figcaption class=\"elementor-image-carousel-caption\">\u201cFunda\u00e7\u00e3o de casa popular\u201d, Colombo.        \nDocumento fotogr\u00e1fico, 9 x 12 cm.<\/figcaption><\/figure><\/a><\/div><div class=\"swiper-slide\" role=\"group\" aria-roledescription=\"slide\" aria-label=\"17 de 35\"><a data-elementor-open-lightbox=\"yes\" data-elementor-lightbox-slideshow=\"ac0529a\" data-elementor-lightbox-title=\"\u201cMercado Livre\u201d, Colombo.\" data-elementor-lightbox-description=\"\u201cMercado Livre\u201d, Colombo.\nDocumento fotogr\u00e1fico, 9 x 12 cm.\" data-e-action-hash=\"#elementor-action%3Aaction%3Dlightbox%26settings%3DeyJpZCI6MTU4LCJ1cmwiOiJodHRwczpcL1wvaW1lYXJiLmNvbS5iclwvYnJhc2lsaWE2MGFub3NcL3dwLWNvbnRlbnRcL3VwbG9hZHNcLzIwMjBcLzA4XC9lZGl0YWRhXzI1LmpwZyIsInNsaWRlc2hvdyI6ImFjMDUyOWEifQ%3D%3D\" href=\"https:\/\/imearb.com.br\/brasilia60anos\/wp-content\/uploads\/2020\/08\/editada_25.jpg\"><figure class=\"swiper-slide-inner\"><img decoding=\"async\" class=\"swiper-slide-image\" src=\"https:\/\/imearb.com.br\/brasilia60anos\/wp-content\/uploads\/2020\/08\/editada_25.jpg\" alt=\"\u201cMercado Livre\u201d, Colombo. Documento fotogr\u00e1fico, 9 x 12 cm.\" \/><figcaption class=\"elementor-image-carousel-caption\">\u201cMercado Livre\u201d, Colombo.\nDocumento fotogr\u00e1fico, 9 x 12 cm.<\/figcaption><\/figure><\/a><\/div><div class=\"swiper-slide\" role=\"group\" aria-roledescription=\"slide\" aria-label=\"18 de 35\"><a data-elementor-open-lightbox=\"yes\" data-elementor-lightbox-slideshow=\"ac0529a\" data-elementor-lightbox-title=\"\u201cPrimeira Avenida Central\u201d, Colombo.\" data-elementor-lightbox-description=\"\u201cPrimeira Avenida Central\u201d, Colombo.        \nDocumento fotogr\u00e1fico, 9 x 12 cm.\" data-e-action-hash=\"#elementor-action%3Aaction%3Dlightbox%26settings%3DeyJpZCI6MTYwLCJ1cmwiOiJodHRwczpcL1wvaW1lYXJiLmNvbS5iclwvYnJhc2lsaWE2MGFub3NcL3dwLWNvbnRlbnRcL3VwbG9hZHNcLzIwMjBcLzA4XC9lZGl0YWRhXzI2LmpwZyIsInNsaWRlc2hvdyI6ImFjMDUyOWEifQ%3D%3D\" href=\"https:\/\/imearb.com.br\/brasilia60anos\/wp-content\/uploads\/2020\/08\/editada_26.jpg\"><figure class=\"swiper-slide-inner\"><img decoding=\"async\" class=\"swiper-slide-image\" src=\"https:\/\/imearb.com.br\/brasilia60anos\/wp-content\/uploads\/2020\/08\/editada_26.jpg\" alt=\"\u201cPrimeira Avenida Central\u201d, Colombo. Documento fotogr\u00e1fico, 9 x 12 cm.\" \/><figcaption class=\"elementor-image-carousel-caption\">\u201cPrimeira Avenida Central\u201d, Colombo.        \nDocumento fotogr\u00e1fico, 9 x 12 cm.<\/figcaption><\/figure><\/a><\/div><div class=\"swiper-slide\" role=\"group\" aria-roledescription=\"slide\" aria-label=\"19 de 35\"><a data-elementor-open-lightbox=\"yes\" data-elementor-lightbox-slideshow=\"ac0529a\" data-elementor-lightbox-title=\"\u201cN\u00facleo Bandeirantes\u201d, Colombo.\" data-elementor-lightbox-description=\"\u201cN\u00facleo Bandeirantes\u201d, Colombo.\nDocumento fotogr\u00e1fico, 9 x 12 cm.\" data-e-action-hash=\"#elementor-action%3Aaction%3Dlightbox%26settings%3DeyJpZCI6MTYxLCJ1cmwiOiJodHRwczpcL1wvaW1lYXJiLmNvbS5iclwvYnJhc2lsaWE2MGFub3NcL3dwLWNvbnRlbnRcL3VwbG9hZHNcLzIwMjBcLzA4XC9lZGl0YWRhXzI3LmpwZyIsInNsaWRlc2hvdyI6ImFjMDUyOWEifQ%3D%3D\" href=\"https:\/\/imearb.com.br\/brasilia60anos\/wp-content\/uploads\/2020\/08\/editada_27.jpg\"><figure class=\"swiper-slide-inner\"><img decoding=\"async\" class=\"swiper-slide-image\" src=\"https:\/\/imearb.com.br\/brasilia60anos\/wp-content\/uploads\/2020\/08\/editada_27.jpg\" alt=\"\u201cN\u00facleo Bandeirantes\u201d, Colombo. Documento fotogr\u00e1fico, 9 x 12 cm.\" \/><figcaption class=\"elementor-image-carousel-caption\">\u201cN\u00facleo Bandeirantes\u201d, Colombo.\nDocumento fotogr\u00e1fico, 9 x 12 cm.<\/figcaption><\/figure><\/a><\/div><div class=\"swiper-slide\" role=\"group\" aria-roledescription=\"slide\" aria-label=\"20 de 35\"><a data-elementor-open-lightbox=\"yes\" data-elementor-lightbox-slideshow=\"ac0529a\" data-elementor-lightbox-title=\"\u201cPal\u00e1cio da Alvorada\u201d,  Colombo.\" data-elementor-lightbox-description=\"\u201cPal\u00e1cio da Alvorada\u201d, \nColombo.\nDocumento fotogr\u00e1fico, 9 x 12 cm.\" data-e-action-hash=\"#elementor-action%3Aaction%3Dlightbox%26settings%3DeyJpZCI6MTYzLCJ1cmwiOiJodHRwczpcL1wvaW1lYXJiLmNvbS5iclwvYnJhc2lsaWE2MGFub3NcL3dwLWNvbnRlbnRcL3VwbG9hZHNcLzIwMjBcLzA4XC9lZGl0YWRhXzI4LXNjYWxlZC5qcGciLCJzbGlkZXNob3ciOiJhYzA1MjlhIn0%3D\" href=\"https:\/\/imearb.com.br\/brasilia60anos\/wp-content\/uploads\/2020\/08\/editada_28-scaled.jpg\"><figure class=\"swiper-slide-inner\"><img decoding=\"async\" class=\"swiper-slide-image\" src=\"https:\/\/imearb.com.br\/brasilia60anos\/wp-content\/uploads\/2020\/08\/editada_28-scaled.jpg\" alt=\"\u201cPal\u00e1cio da Alvorada\u201d, Colombo. Documento fotogr\u00e1fico, 9 x 12 cm.\" \/><figcaption class=\"elementor-image-carousel-caption\">\u201cPal\u00e1cio da Alvorada\u201d, \nColombo.\nDocumento fotogr\u00e1fico, 9 x 12 cm.<\/figcaption><\/figure><\/a><\/div><div class=\"swiper-slide\" role=\"group\" aria-roledescription=\"slide\" aria-label=\"21 de 35\"><a data-elementor-open-lightbox=\"yes\" data-elementor-lightbox-slideshow=\"ac0529a\" data-elementor-lightbox-title=\"\u201cPal\u00e1cio da Justi\u00e7a\u201d, Colombo.\" data-elementor-lightbox-description=\"\u201cPal\u00e1cio da Justi\u00e7a\u201d, Colombo.\nDocumento fotogr\u00e1fico, 9 x 12 cm.\" data-e-action-hash=\"#elementor-action%3Aaction%3Dlightbox%26settings%3DeyJpZCI6MTY0LCJ1cmwiOiJodHRwczpcL1wvaW1lYXJiLmNvbS5iclwvYnJhc2lsaWE2MGFub3NcL3dwLWNvbnRlbnRcL3VwbG9hZHNcLzIwMjBcLzA4XC9lZGl0YWRhXzI5LXNjYWxlZC5qcGciLCJzbGlkZXNob3ciOiJhYzA1MjlhIn0%3D\" href=\"https:\/\/imearb.com.br\/brasilia60anos\/wp-content\/uploads\/2020\/08\/editada_29-scaled.jpg\"><figure class=\"swiper-slide-inner\"><img decoding=\"async\" class=\"swiper-slide-image\" src=\"https:\/\/imearb.com.br\/brasilia60anos\/wp-content\/uploads\/2020\/08\/editada_29-scaled.jpg\" alt=\"\u201cPal\u00e1cio da Justi\u00e7a\u201d, Colombo. Documento fotogr\u00e1fico, 9 x 12 cm.\" \/><figcaption class=\"elementor-image-carousel-caption\">\u201cPal\u00e1cio da Justi\u00e7a\u201d, Colombo.\nDocumento fotogr\u00e1fico, 9 x 12 cm.<\/figcaption><\/figure><\/a><\/div><div class=\"swiper-slide\" role=\"group\" aria-roledescription=\"slide\" aria-label=\"22 de 35\"><a data-elementor-open-lightbox=\"yes\" data-elementor-lightbox-slideshow=\"ac0529a\" data-elementor-lightbox-title=\"&quot;Edif\u00edcio do Congresso e senado&quot;, Colombo.\" data-elementor-lightbox-description=\"&quot;Edif\u00edcio do Congresso e senado&quot;, Colombo. Documento fotogr\u00e1fico, 9 x 12 cm.\" data-e-action-hash=\"#elementor-action%3Aaction%3Dlightbox%26settings%3DeyJpZCI6MTY1LCJ1cmwiOiJodHRwczpcL1wvaW1lYXJiLmNvbS5iclwvYnJhc2lsaWE2MGFub3NcL3dwLWNvbnRlbnRcL3VwbG9hZHNcLzIwMjBcLzA4XC9lZGl0YWRhXzMwLmpwZyIsInNsaWRlc2hvdyI6ImFjMDUyOWEifQ%3D%3D\" href=\"https:\/\/imearb.com.br\/brasilia60anos\/wp-content\/uploads\/2020\/08\/editada_30.jpg\"><figure class=\"swiper-slide-inner\"><img decoding=\"async\" class=\"swiper-slide-image\" src=\"https:\/\/imearb.com.br\/brasilia60anos\/wp-content\/uploads\/2020\/08\/editada_30.jpg\" alt=\"&quot;Edif\u00edcio do Congresso e senado&quot;, Colombo. Documento fotogr\u00e1fico, 9 x 12 cm.\" \/><figcaption class=\"elementor-image-carousel-caption\">\"Edif\u00edcio do Congresso e senado\", Colombo. Documento fotogr\u00e1fico, 9 x 12 cm.<\/figcaption><\/figure><\/a><\/div><div class=\"swiper-slide\" role=\"group\" aria-roledescription=\"slide\" aria-label=\"23 de 35\"><a data-elementor-open-lightbox=\"yes\" data-elementor-lightbox-slideshow=\"ac0529a\" data-elementor-lightbox-title=\"\u201cVista a\u00e9rea dos minist\u00e9rios\u201d, Colombo.\" data-elementor-lightbox-description=\"\u201cVista a\u00e9rea dos minist\u00e9rios\u201d,\nColombo.\nDocumento fotogr\u00e1fico, 9 x 12 cm.\" data-e-action-hash=\"#elementor-action%3Aaction%3Dlightbox%26settings%3DeyJpZCI6MTY2LCJ1cmwiOiJodHRwczpcL1wvaW1lYXJiLmNvbS5iclwvYnJhc2lsaWE2MGFub3NcL3dwLWNvbnRlbnRcL3VwbG9hZHNcLzIwMjBcLzA4XC9lZGl0YWRhXzMxLXNjYWxlZC5qcGciLCJzbGlkZXNob3ciOiJhYzA1MjlhIn0%3D\" href=\"https:\/\/imearb.com.br\/brasilia60anos\/wp-content\/uploads\/2020\/08\/editada_31-scaled.jpg\"><figure class=\"swiper-slide-inner\"><img decoding=\"async\" class=\"swiper-slide-image\" src=\"https:\/\/imearb.com.br\/brasilia60anos\/wp-content\/uploads\/2020\/08\/editada_31-scaled.jpg\" alt=\"\u201cVista a\u00e9rea dos minist\u00e9rios\u201d, Colombo. Documento fotogr\u00e1fico, 9 x 12 cm.\" \/><figcaption class=\"elementor-image-carousel-caption\">\u201cVista a\u00e9rea dos minist\u00e9rios\u201d,\nColombo.\nDocumento fotogr\u00e1fico, 9 x 12 cm.<\/figcaption><\/figure><\/a><\/div><div class=\"swiper-slide\" role=\"group\" aria-roledescription=\"slide\" aria-label=\"24 de 35\"><a data-elementor-open-lightbox=\"yes\" data-elementor-lightbox-slideshow=\"ac0529a\" data-elementor-lightbox-title=\"\u201cBras\u00edlia Palace Hotel\u201d, Colombo.\" data-elementor-lightbox-description=\"\u201cBras\u00edlia Palace Hotel\u201d, Colombo.                     \nDocumento fotogr\u00e1fico, 9 x 12 cm.\" data-e-action-hash=\"#elementor-action%3Aaction%3Dlightbox%26settings%3DeyJpZCI6MTY3LCJ1cmwiOiJodHRwczpcL1wvaW1lYXJiLmNvbS5iclwvYnJhc2lsaWE2MGFub3NcL3dwLWNvbnRlbnRcL3VwbG9hZHNcLzIwMjBcLzA4XC9lZGl0YWRhXzMyLXNjYWxlZC5qcGciLCJzbGlkZXNob3ciOiJhYzA1MjlhIn0%3D\" href=\"https:\/\/imearb.com.br\/brasilia60anos\/wp-content\/uploads\/2020\/08\/editada_32-scaled.jpg\"><figure class=\"swiper-slide-inner\"><img decoding=\"async\" class=\"swiper-slide-image\" src=\"https:\/\/imearb.com.br\/brasilia60anos\/wp-content\/uploads\/2020\/08\/editada_32-scaled.jpg\" alt=\"\u201cBras\u00edlia Palace Hotel\u201d, Colombo. Documento fotogr\u00e1fico, 9 x 12 cm.\" \/><figcaption class=\"elementor-image-carousel-caption\">\u201cBras\u00edlia Palace Hotel\u201d, Colombo.                     \nDocumento fotogr\u00e1fico, 9 x 12 cm.<\/figcaption><\/figure><\/a><\/div><div class=\"swiper-slide\" role=\"group\" aria-roledescription=\"slide\" aria-label=\"25 de 35\"><a data-elementor-open-lightbox=\"yes\" data-elementor-lightbox-slideshow=\"ac0529a\" data-elementor-lightbox-title=\"\u201cCatetinho\u201d, Colombo.\" data-elementor-lightbox-description=\"\u201cCatetinho\u201d,\nColombo.\nDocumento fotogr\u00e1fico, 9 x 12 cm.\" data-e-action-hash=\"#elementor-action%3Aaction%3Dlightbox%26settings%3DeyJpZCI6MTY4LCJ1cmwiOiJodHRwczpcL1wvaW1lYXJiLmNvbS5iclwvYnJhc2lsaWE2MGFub3NcL3dwLWNvbnRlbnRcL3VwbG9hZHNcLzIwMjBcLzA4XC9lZGl0YWRhXzMzLXNjYWxlZC5qcGciLCJzbGlkZXNob3ciOiJhYzA1MjlhIn0%3D\" href=\"https:\/\/imearb.com.br\/brasilia60anos\/wp-content\/uploads\/2020\/08\/editada_33-scaled.jpg\"><figure class=\"swiper-slide-inner\"><img decoding=\"async\" class=\"swiper-slide-image\" src=\"https:\/\/imearb.com.br\/brasilia60anos\/wp-content\/uploads\/2020\/08\/editada_33-scaled.jpg\" alt=\"\u201cCatetinho\u201d, Colombo. Documento fotogr\u00e1fico, 9 x 12 cm.\" \/><figcaption class=\"elementor-image-carousel-caption\">\u201cCatetinho\u201d,\nColombo.\nDocumento fotogr\u00e1fico, 9 x 12 cm.<\/figcaption><\/figure><\/a><\/div><div class=\"swiper-slide\" role=\"group\" aria-roledescription=\"slide\" aria-label=\"26 de 35\"><a data-elementor-open-lightbox=\"yes\" data-elementor-lightbox-slideshow=\"ac0529a\" data-elementor-lightbox-title=\"\u201cMuseu da cidade\u201d, Colombo.\" data-elementor-lightbox-description=\"\u201cMuseu da cidade\u201d, Colombo.                          \nDocumento fotogr\u00e1fico, 9 x 12 cm.\" data-e-action-hash=\"#elementor-action%3Aaction%3Dlightbox%26settings%3DeyJpZCI6MTY5LCJ1cmwiOiJodHRwczpcL1wvaW1lYXJiLmNvbS5iclwvYnJhc2lsaWE2MGFub3NcL3dwLWNvbnRlbnRcL3VwbG9hZHNcLzIwMjBcLzA4XC9lZGl0YWRhXzM0LXNjYWxlZC5qcGciLCJzbGlkZXNob3ciOiJhYzA1MjlhIn0%3D\" href=\"https:\/\/imearb.com.br\/brasilia60anos\/wp-content\/uploads\/2020\/08\/editada_34-scaled.jpg\"><figure class=\"swiper-slide-inner\"><img decoding=\"async\" class=\"swiper-slide-image\" src=\"https:\/\/imearb.com.br\/brasilia60anos\/wp-content\/uploads\/2020\/08\/editada_34-scaled.jpg\" alt=\"\u201cMuseu da cidade\u201d, Colombo. Documento fotogr\u00e1fico, 9 x 12 cm.\" \/><figcaption class=\"elementor-image-carousel-caption\">\u201cMuseu da cidade\u201d, Colombo.                          \nDocumento fotogr\u00e1fico, 9 x 12 cm.<\/figcaption><\/figure><\/a><\/div><div class=\"swiper-slide\" role=\"group\" aria-roledescription=\"slide\" aria-label=\"27 de 35\"><a data-elementor-open-lightbox=\"yes\" data-elementor-lightbox-slideshow=\"ac0529a\" data-elementor-lightbox-title=\"\u201cEscola Parque\u201d, Colombo.\" data-elementor-lightbox-description=\"\u201cEscola Parque\u201d,\nColombo.\nDocumento fotogr\u00e1fico, 9 x 12 cm.\" data-e-action-hash=\"#elementor-action%3Aaction%3Dlightbox%26settings%3DeyJpZCI6MTcwLCJ1cmwiOiJodHRwczpcL1wvaW1lYXJiLmNvbS5iclwvYnJhc2lsaWE2MGFub3NcL3dwLWNvbnRlbnRcL3VwbG9hZHNcLzIwMjBcLzA4XC9lZGl0YWRhXzM1LXNjYWxlZC5qcGciLCJzbGlkZXNob3ciOiJhYzA1MjlhIn0%3D\" href=\"https:\/\/imearb.com.br\/brasilia60anos\/wp-content\/uploads\/2020\/08\/editada_35-scaled.jpg\"><figure class=\"swiper-slide-inner\"><img decoding=\"async\" class=\"swiper-slide-image\" src=\"https:\/\/imearb.com.br\/brasilia60anos\/wp-content\/uploads\/2020\/08\/editada_35-scaled.jpg\" alt=\"\u201cEscola Parque\u201d, Colombo. Documento fotogr\u00e1fico, 9 x 12 cm.\" \/><figcaption class=\"elementor-image-carousel-caption\">\u201cEscola Parque\u201d,\nColombo.\nDocumento fotogr\u00e1fico, 9 x 12 cm.<\/figcaption><\/figure><\/a><\/div><div class=\"swiper-slide\" role=\"group\" aria-roledescription=\"slide\" aria-label=\"28 de 35\"><a data-elementor-open-lightbox=\"yes\" data-elementor-lightbox-slideshow=\"ac0529a\" data-elementor-lightbox-title=\"\u201cCapela do Pal\u00e1cio da Alvorada\u201d, Colombo.\" data-elementor-lightbox-description=\"\u201cCapela do Pal\u00e1cio da Alvorada\u201d, Colombo.\nDocumento fotogr\u00e1fico, 9 x 12 cm.\" data-e-action-hash=\"#elementor-action%3Aaction%3Dlightbox%26settings%3DeyJpZCI6MTcxLCJ1cmwiOiJodHRwczpcL1wvaW1lYXJiLmNvbS5iclwvYnJhc2lsaWE2MGFub3NcL3dwLWNvbnRlbnRcL3VwbG9hZHNcLzIwMjBcLzA4XC9lZGl0YWRhXzM2LXNjYWxlZC5qcGciLCJzbGlkZXNob3ciOiJhYzA1MjlhIn0%3D\" href=\"https:\/\/imearb.com.br\/brasilia60anos\/wp-content\/uploads\/2020\/08\/editada_36-scaled.jpg\"><figure class=\"swiper-slide-inner\"><img decoding=\"async\" class=\"swiper-slide-image\" src=\"https:\/\/imearb.com.br\/brasilia60anos\/wp-content\/uploads\/2020\/08\/editada_36-scaled.jpg\" alt=\"\u201cCapela do Pal\u00e1cio da Alvorada\u201d, Colombo. Documento fotogr\u00e1fico, 9 x 12 cm.\" \/><figcaption class=\"elementor-image-carousel-caption\">\u201cCapela do Pal\u00e1cio da Alvorada\u201d, Colombo.\nDocumento fotogr\u00e1fico, 9 x 12 cm.<\/figcaption><\/figure><\/a><\/div><div class=\"swiper-slide\" role=\"group\" aria-roledescription=\"slide\" aria-label=\"29 de 35\"><a data-elementor-open-lightbox=\"yes\" data-elementor-lightbox-slideshow=\"ac0529a\" data-elementor-lightbox-title=\"\u201cIgreja Nossa Senhora de F\u00e1tima\u201d, Colombo.\" data-elementor-lightbox-description=\"\u201cIgreja Nossa Senhora de F\u00e1tima\u201d, Colombo.\nDocumento fotogr\u00e1fico, 9 x 12 cm.\" data-e-action-hash=\"#elementor-action%3Aaction%3Dlightbox%26settings%3DeyJpZCI6MTczLCJ1cmwiOiJodHRwczpcL1wvaW1lYXJiLmNvbS5iclwvYnJhc2lsaWE2MGFub3NcL3dwLWNvbnRlbnRcL3VwbG9hZHNcLzIwMjBcLzA4XC9lZGl0YWRhXzM3LXNjYWxlZC5qcGciLCJzbGlkZXNob3ciOiJhYzA1MjlhIn0%3D\" href=\"https:\/\/imearb.com.br\/brasilia60anos\/wp-content\/uploads\/2020\/08\/editada_37-scaled.jpg\"><figure class=\"swiper-slide-inner\"><img decoding=\"async\" class=\"swiper-slide-image\" src=\"https:\/\/imearb.com.br\/brasilia60anos\/wp-content\/uploads\/2020\/08\/editada_37-scaled.jpg\" alt=\"\u201cIgreja Nossa Senhora de F\u00e1tima\u201d, Colombo. Documento fotogr\u00e1fico, 9 x 12 cm.\" \/><figcaption class=\"elementor-image-carousel-caption\">\u201cIgreja Nossa Senhora de F\u00e1tima\u201d, Colombo.\nDocumento fotogr\u00e1fico, 9 x 12 cm.<\/figcaption><\/figure><\/a><\/div><div class=\"swiper-slide\" role=\"group\" aria-roledescription=\"slide\" aria-label=\"30 de 35\"><a data-elementor-open-lightbox=\"yes\" data-elementor-lightbox-slideshow=\"ac0529a\" data-elementor-lightbox-title=\"\u201cBras\u00edlia Festividades da Inaugura\u00e7\u00e3o Bras\u00edlia\u201d, Colombo.\" data-elementor-lightbox-description=\"\u201cBras\u00edlia Festividades da Inaugura\u00e7\u00e3o Bras\u00edlia\u201d, Colombo.\nDocumento fotogr\u00e1fico, 9 x 12 cm.\" data-e-action-hash=\"#elementor-action%3Aaction%3Dlightbox%26settings%3DeyJpZCI6MTc4LCJ1cmwiOiJodHRwczpcL1wvaW1lYXJiLmNvbS5iclwvYnJhc2lsaWE2MGFub3NcL3dwLWNvbnRlbnRcL3VwbG9hZHNcLzIwMjBcLzA4XC9lZGl0YWRhXzQyLmpwZyIsInNsaWRlc2hvdyI6ImFjMDUyOWEifQ%3D%3D\" href=\"https:\/\/imearb.com.br\/brasilia60anos\/wp-content\/uploads\/2020\/08\/editada_42.jpg\"><figure class=\"swiper-slide-inner\"><img decoding=\"async\" class=\"swiper-slide-image\" src=\"https:\/\/imearb.com.br\/brasilia60anos\/wp-content\/uploads\/2020\/08\/editada_42.jpg\" alt=\"\u201cBras\u00edlia Festividades da Inaugura\u00e7\u00e3o Bras\u00edlia\u201d, Colombo. Documento fotogr\u00e1fico, 9 x 12 cm.\" \/><figcaption class=\"elementor-image-carousel-caption\">\u201cBras\u00edlia Festividades da Inaugura\u00e7\u00e3o Bras\u00edlia\u201d, Colombo.\nDocumento fotogr\u00e1fico, 9 x 12 cm.<\/figcaption><\/figure><\/a><\/div><div class=\"swiper-slide\" role=\"group\" aria-roledescription=\"slide\" aria-label=\"31 de 35\"><a data-elementor-open-lightbox=\"yes\" data-elementor-lightbox-slideshow=\"ac0529a\" data-elementor-lightbox-title=\"\u201cLembran\u00e7a da Inaugura\u00e7\u00e3o de Bras\u00edlia - 21 de abril de 1960\u201d.\" data-elementor-lightbox-description=\"\u201cLembran\u00e7a da Inaugura\u00e7\u00e3o de Bras\u00edlia - 21 de abril de 1960\u201d.\nDocumento fotogr\u00e1fico, 9 x 12 cm.\" data-e-action-hash=\"#elementor-action%3Aaction%3Dlightbox%26settings%3DeyJpZCI6MTc3LCJ1cmwiOiJodHRwczpcL1wvaW1lYXJiLmNvbS5iclwvYnJhc2lsaWE2MGFub3NcL3dwLWNvbnRlbnRcL3VwbG9hZHNcLzIwMjBcLzA4XC9lZGl0YWRhXzQxLmpwZyIsInNsaWRlc2hvdyI6ImFjMDUyOWEifQ%3D%3D\" href=\"https:\/\/imearb.com.br\/brasilia60anos\/wp-content\/uploads\/2020\/08\/editada_41.jpg\"><figure class=\"swiper-slide-inner\"><img decoding=\"async\" class=\"swiper-slide-image\" src=\"https:\/\/imearb.com.br\/brasilia60anos\/wp-content\/uploads\/2020\/08\/editada_41.jpg\" alt=\"\u201cLembran\u00e7a da Inaugura\u00e7\u00e3o de Bras\u00edlia - 21 de abril de 1960\u201d. Documento fotogr\u00e1fico, 9 x 12 cm.\" \/><figcaption class=\"elementor-image-carousel-caption\">\u201cLembran\u00e7a da Inaugura\u00e7\u00e3o de Bras\u00edlia - 21 de abril de 1960\u201d.\nDocumento fotogr\u00e1fico, 9 x 12 cm.<\/figcaption><\/figure><\/a><\/div><div class=\"swiper-slide\" role=\"group\" aria-roledescription=\"slide\" aria-label=\"32 de 35\"><a data-elementor-open-lightbox=\"yes\" data-elementor-lightbox-slideshow=\"ac0529a\" data-elementor-lightbox-title=\"\u201cLembran\u00e7a da Inaugura\u00e7\u00e3o de Bras\u00edlia - 21 de abril de 1960\u201d\" data-elementor-lightbox-description=\"\u201cLembran\u00e7a da Inaugura\u00e7\u00e3o de Bras\u00edlia - 21 de abril de 1960\u201d.\nDocumento fotogr\u00e1fico, 9 x 12 cm.\" data-e-action-hash=\"#elementor-action%3Aaction%3Dlightbox%26settings%3DeyJpZCI6MTc2LCJ1cmwiOiJodHRwczpcL1wvaW1lYXJiLmNvbS5iclwvYnJhc2lsaWE2MGFub3NcL3dwLWNvbnRlbnRcL3VwbG9hZHNcLzIwMjBcLzA4XC9lZGl0YWRhXzQwLXNjYWxlZC5qcGciLCJzbGlkZXNob3ciOiJhYzA1MjlhIn0%3D\" href=\"https:\/\/imearb.com.br\/brasilia60anos\/wp-content\/uploads\/2020\/08\/editada_40-scaled.jpg\"><figure class=\"swiper-slide-inner\"><img decoding=\"async\" class=\"swiper-slide-image\" src=\"https:\/\/imearb.com.br\/brasilia60anos\/wp-content\/uploads\/2020\/08\/editada_40-scaled.jpg\" alt=\"\u201cLembran\u00e7a da Inaugura\u00e7\u00e3o de Bras\u00edlia - 21 de abril de 1960\u201d. Documento fotogr\u00e1fico, 9 x 12 cm.\" \/><figcaption class=\"elementor-image-carousel-caption\">\u201cLembran\u00e7a da Inaugura\u00e7\u00e3o de Bras\u00edlia - 21 de abril de 1960\u201d.\nDocumento fotogr\u00e1fico, 9 x 12 cm.<\/figcaption><\/figure><\/a><\/div><div class=\"swiper-slide\" role=\"group\" aria-roledescription=\"slide\" aria-label=\"33 de 35\"><a data-elementor-open-lightbox=\"yes\" data-elementor-lightbox-slideshow=\"ac0529a\" data-elementor-lightbox-title=\"\u201cErmida Dom Bosco\u201d, Colombo.\" data-elementor-lightbox-description=\"\u201cErmida Dom Bosco\u201d, Colombo.\nDocumento fotogr\u00e1fico, 9 x 12 cm.\" data-e-action-hash=\"#elementor-action%3Aaction%3Dlightbox%26settings%3DeyJpZCI6MTc1LCJ1cmwiOiJodHRwczpcL1wvaW1lYXJiLmNvbS5iclwvYnJhc2lsaWE2MGFub3NcL3dwLWNvbnRlbnRcL3VwbG9hZHNcLzIwMjBcLzA4XC9lZGl0YWRhXzM5LXNjYWxlZC5qcGciLCJzbGlkZXNob3ciOiJhYzA1MjlhIn0%3D\" href=\"https:\/\/imearb.com.br\/brasilia60anos\/wp-content\/uploads\/2020\/08\/editada_39-scaled.jpg\"><figure class=\"swiper-slide-inner\"><img decoding=\"async\" class=\"swiper-slide-image\" src=\"https:\/\/imearb.com.br\/brasilia60anos\/wp-content\/uploads\/2020\/08\/editada_39-scaled.jpg\" alt=\"\u201cErmida Dom Bosco\u201d, Colombo. Documento fotogr\u00e1fico, 9 x 12 cm.\" \/><figcaption class=\"elementor-image-carousel-caption\">\u201cErmida Dom Bosco\u201d, Colombo.\nDocumento fotogr\u00e1fico, 9 x 12 cm.<\/figcaption><\/figure><\/a><\/div><div class=\"swiper-slide\" role=\"group\" aria-roledescription=\"slide\" aria-label=\"34 de 35\"><a data-elementor-open-lightbox=\"yes\" data-elementor-lightbox-slideshow=\"ac0529a\" data-elementor-lightbox-title=\"\u201cCatedral Nossa Senhora Aparecida\u201d, Colombo.\" data-elementor-lightbox-description=\"\u201cCatedral Nossa Senhora Aparecida\u201d, Colombo.\nDocumento fotogr\u00e1fico, 9 x 12 cm.\" data-e-action-hash=\"#elementor-action%3Aaction%3Dlightbox%26settings%3DeyJpZCI6MTc0LCJ1cmwiOiJodHRwczpcL1wvaW1lYXJiLmNvbS5iclwvYnJhc2lsaWE2MGFub3NcL3dwLWNvbnRlbnRcL3VwbG9hZHNcLzIwMjBcLzA4XC9lZGl0YWRhXzM4LXNjYWxlZC5qcGciLCJzbGlkZXNob3ciOiJhYzA1MjlhIn0%3D\" href=\"https:\/\/imearb.com.br\/brasilia60anos\/wp-content\/uploads\/2020\/08\/editada_38-scaled.jpg\"><figure class=\"swiper-slide-inner\"><img decoding=\"async\" class=\"swiper-slide-image\" src=\"https:\/\/imearb.com.br\/brasilia60anos\/wp-content\/uploads\/2020\/08\/editada_38-scaled.jpg\" alt=\"\u201cCatedral Nossa Senhora Aparecida\u201d, Colombo. Documento fotogr\u00e1fico, 9 x 12 cm.\" \/><figcaption class=\"elementor-image-carousel-caption\">\u201cCatedral Nossa Senhora Aparecida\u201d, Colombo.\nDocumento fotogr\u00e1fico, 9 x 12 cm.<\/figcaption><\/figure><\/a><\/div><div class=\"swiper-slide\" role=\"group\" aria-roledescription=\"slide\" aria-label=\"35 de 35\"><a data-elementor-open-lightbox=\"yes\" data-elementor-lightbox-slideshow=\"ac0529a\" data-elementor-lightbox-title=\"\u201cBras\u00edlia Festividades da Inaugura\u00e7\u00e3o Bras\u00edlia\u201d, Colombo.\" data-elementor-lightbox-description=\"\u201cBras\u00edlia Festividades da Inaugura\u00e7\u00e3o Bras\u00edlia\u201d, Colombo.\nDocumento fotogr\u00e1fico, 9 x 12 cm.\" data-e-action-hash=\"#elementor-action%3Aaction%3Dlightbox%26settings%3DeyJpZCI6MTc5LCJ1cmwiOiJodHRwczpcL1wvaW1lYXJiLmNvbS5iclwvYnJhc2lsaWE2MGFub3NcL3dwLWNvbnRlbnRcL3VwbG9hZHNcLzIwMjBcLzA4XC9lZGl0YWRhXzQzLXNjYWxlZC5qcGciLCJzbGlkZXNob3ciOiJhYzA1MjlhIn0%3D\" href=\"https:\/\/imearb.com.br\/brasilia60anos\/wp-content\/uploads\/2020\/08\/editada_43-scaled.jpg\"><figure class=\"swiper-slide-inner\"><img decoding=\"async\" class=\"swiper-slide-image\" src=\"https:\/\/imearb.com.br\/brasilia60anos\/wp-content\/uploads\/2020\/08\/editada_43-scaled.jpg\" alt=\"\u201cBras\u00edlia Festividades da Inaugura\u00e7\u00e3o Bras\u00edlia\u201d, Colombo. Documento fotogr\u00e1fico, 9 x 12 cm.\" \/><figcaption class=\"elementor-image-carousel-caption\">\u201cBras\u00edlia Festividades da Inaugura\u00e7\u00e3o Bras\u00edlia\u201d, Colombo.\nDocumento fotogr\u00e1fico, 9 x 12 cm.<\/figcaption><\/figure><\/a><\/div>\t\t\t<\/div>\n\t\t\t\t\t\t\t\t\t\t\t\t<div class=\"elementor-swiper-button elementor-swiper-button-prev\" role=\"button\" tabindex=\"0\">\n\t\t\t\t\t\t<i aria-hidden=\"true\" class=\"eicon-chevron-left\"><\/i>\t\t\t\t\t<\/div>\n\t\t\t\t\t<div class=\"elementor-swiper-button elementor-swiper-button-next\" role=\"button\" tabindex=\"0\">\n\t\t\t\t\t\t<i aria-hidden=\"true\" class=\"eicon-chevron-right\"><\/i>\t\t\t\t\t<\/div>\n\t\t\t\t\n\t\t\t\t\t\t\t\t\t<\/div>\n\t\t\t\t\t\t<\/div>\n\t\t\t\t<\/div>\n\t\t\t\t\t<\/div>\n\t\t<\/div>\n\t\t\t\t\t<\/div>\n\t\t<\/section>\n\t\t\t\t<section class=\"elementor-section elementor-top-section elementor-element elementor-element-d7ea816 elementor-section-boxed elementor-section-height-default elementor-section-height-default\" data-id=\"d7ea816\" data-element_type=\"section\">\n\t\t\t\t\t\t<div class=\"elementor-container elementor-column-gap-default\">\n\t\t\t\t\t<div class=\"elementor-column elementor-col-100 elementor-top-column elementor-element elementor-element-219cba4\" data-id=\"219cba4\" data-element_type=\"column\">\n\t\t\t<div class=\"elementor-widget-wrap elementor-element-populated\">\n\t\t\t\t\t\t<div class=\"elementor-element elementor-element-ea666e6 elementor-arrows-position-outside elementor-pagination-position-outside elementor-widget elementor-widget-image-carousel\" data-id=\"ea666e6\" data-element_type=\"widget\" data-settings=\"{&quot;slides_to_show&quot;:&quot;6&quot;,&quot;slides_to_show_tablet&quot;:&quot;5&quot;,&quot;slides_to_show_mobile&quot;:&quot;4&quot;,&quot;image_spacing_custom&quot;:{&quot;unit&quot;:&quot;px&quot;,&quot;size&quot;:4,&quot;sizes&quot;:[]},&quot;navigation&quot;:&quot;both&quot;,&quot;autoplay&quot;:&quot;yes&quot;,&quot;pause_on_hover&quot;:&quot;yes&quot;,&quot;pause_on_interaction&quot;:&quot;yes&quot;,&quot;autoplay_speed&quot;:5000,&quot;infinite&quot;:&quot;yes&quot;,&quot;speed&quot;:500,&quot;image_spacing_custom_tablet&quot;:{&quot;unit&quot;:&quot;px&quot;,&quot;size&quot;:&quot;&quot;,&quot;sizes&quot;:[]},&quot;image_spacing_custom_mobile&quot;:{&quot;unit&quot;:&quot;px&quot;,&quot;size&quot;:&quot;&quot;,&quot;sizes&quot;:[]}}\" data-widget_type=\"image-carousel.default\">\n\t\t\t\t<div class=\"elementor-widget-container\">\n\t\t\t\t\t\t\t<div class=\"elementor-image-carousel-wrapper swiper\" role=\"region\" aria-roledescription=\"carousel\" aria-label=\"Carrossel de imagens\" dir=\"ltr\">\n\t\t\t<div class=\"elementor-image-carousel swiper-wrapper swiper-image-stretch\" aria-live=\"off\">\n\t\t\t\t\t\t\t\t<div class=\"swiper-slide\" role=\"group\" aria-roledescription=\"slide\" aria-label=\"1 de 13\"><a data-elementor-open-lightbox=\"yes\" data-elementor-lightbox-slideshow=\"ea666e6\" data-elementor-lightbox-title=\"\u201cPlano Piloto\u201d, Lucio Costa.\" data-elementor-lightbox-description=\"\u201cPlano Piloto\u201d, Lucio Costa. Serigrafia, 31\/200, 47 x 66 cm.\n\u00c1lbum: Oscar Niemeyer e Lucio Costa. Bras\u00edlia para sempre. Rio de Janeiro: Lithos Edi\u00e7\u00f5es de Arte, 1999.\" data-e-action-hash=\"#elementor-action%3Aaction%3Dlightbox%26settings%3DeyJpZCI6MTMyLCJ1cmwiOiJodHRwczpcL1wvaW1lYXJiLmNvbS5iclwvYnJhc2lsaWE2MGFub3NcL3dwLWNvbnRlbnRcL3VwbG9hZHNcLzIwMjBcLzA4XC8xLTIuanBnIiwic2xpZGVzaG93IjoiZWE2NjZlNiJ9\" href=\"https:\/\/imearb.com.br\/brasilia60anos\/wp-content\/uploads\/2020\/08\/1-2.jpg\"><figure class=\"swiper-slide-inner\"><img decoding=\"async\" class=\"swiper-slide-image\" src=\"https:\/\/imearb.com.br\/brasilia60anos\/wp-content\/uploads\/2020\/08\/1-2-150x150.jpg\" alt=\"\u201cPlano Piloto\u201d, Lucio Costa. Serigrafia, 31\/200, 47 x 66 cm. \u00c1lbum: Oscar Niemeyer e Lucio Costa. Bras\u00edlia para sempre. Rio de Janeiro: Lithos Edi\u00e7\u00f5es de Arte, 1999.\" \/><\/figure><\/a><\/div><div class=\"swiper-slide\" role=\"group\" aria-roledescription=\"slide\" aria-label=\"2 de 13\"><a data-elementor-open-lightbox=\"yes\" data-elementor-lightbox-slideshow=\"ea666e6\" data-elementor-lightbox-title=\"&quot;Plano Piloto\u201d, Lucio Costa.\" data-elementor-lightbox-description=\"&quot;Plano Piloto\u201d, Lucio Costa.\nSerigrafia, 25\/200, 69,5 x 48,5 cm.\n\u00c1lbum: Oscar Niemeyer e L\u00facio Costa. Bras\u00edlia para sempre. Rio de Janeiro: Lithos Edi\u00e7\u00f5es de Arte, 1999.\" data-e-action-hash=\"#elementor-action%3Aaction%3Dlightbox%26settings%3DeyJpZCI6MTMzLCJ1cmwiOiJodHRwczpcL1wvaW1lYXJiLmNvbS5iclwvYnJhc2lsaWE2MGFub3NcL3dwLWNvbnRlbnRcL3VwbG9hZHNcLzIwMjBcLzA4XC8yLTIuanBnIiwic2xpZGVzaG93IjoiZWE2NjZlNiJ9\" href=\"https:\/\/imearb.com.br\/brasilia60anos\/wp-content\/uploads\/2020\/08\/2-2.jpg\"><figure class=\"swiper-slide-inner\"><img decoding=\"async\" class=\"swiper-slide-image\" src=\"https:\/\/imearb.com.br\/brasilia60anos\/wp-content\/uploads\/2020\/08\/2-2-150x150.jpg\" alt=\"&quot;Plano Piloto\u201d, Lucio Costa. Serigrafia, 25\/200, 69,5 x 48,5 cm. \u00c1lbum: Oscar Niemeyer e L\u00facio Costa. Bras\u00edlia para sempre. Rio de Janeiro: Lithos Edi\u00e7\u00f5es de Arte, 1999.\" \/><\/figure><\/a><\/div><div class=\"swiper-slide\" role=\"group\" aria-roledescription=\"slide\" aria-label=\"3 de 13\"><a data-elementor-open-lightbox=\"yes\" data-elementor-lightbox-slideshow=\"ea666e6\" data-elementor-lightbox-title=\"\u201cSuperquadras\u201d, Lucio Costa.\" data-elementor-lightbox-description=\"\u201cSuperquadras\u201d,\nLucio Costa.\nSerigrafia, 151\/200, 47 x 66 cm\n\u00c1lbum: Oscar Niemeyer e L\u00facio Costa. Bras\u00edlia para sempre. Rio de Janeiro: Lithos Edi\u00e7\u00f5es de Arte, 1999.\" data-e-action-hash=\"#elementor-action%3Aaction%3Dlightbox%26settings%3DeyJpZCI6MTM0LCJ1cmwiOiJodHRwczpcL1wvaW1lYXJiLmNvbS5iclwvYnJhc2lsaWE2MGFub3NcL3dwLWNvbnRlbnRcL3VwbG9hZHNcLzIwMjBcLzA4XC8zLTIuanBnIiwic2xpZGVzaG93IjoiZWE2NjZlNiJ9\" href=\"https:\/\/imearb.com.br\/brasilia60anos\/wp-content\/uploads\/2020\/08\/3-2.jpg\"><figure class=\"swiper-slide-inner\"><img decoding=\"async\" class=\"swiper-slide-image\" src=\"https:\/\/imearb.com.br\/brasilia60anos\/wp-content\/uploads\/2020\/08\/3-2-150x150.jpg\" alt=\"\u201cSuperquadras\u201d, Lucio Costa. Serigrafia, 151\/200, 47 x 66 cm \u00c1lbum: Oscar Niemeyer e L\u00facio Costa. Bras\u00edlia para sempre. Rio de Janeiro: Lithos Edi\u00e7\u00f5es de Arte, 1999.\" \/><\/figure><\/a><\/div><div class=\"swiper-slide\" role=\"group\" aria-roledescription=\"slide\" aria-label=\"4 de 13\"><a data-elementor-open-lightbox=\"yes\" data-elementor-lightbox-slideshow=\"ea666e6\" data-elementor-lightbox-title=\"\u201cCongresso Nacional\u201d, Oscar Niemeyer.\" data-elementor-lightbox-description=\"\u201cCongresso Nacional\u201d,\nOscar Niemeyer.\nSerigrafia, 31\/200, 49 x 69 cm.\n\u00c1lbum: Oscar Niemeyer e L\u00facio Costa. Bras\u00edlia para sempre. Rio de Janeiro: Lithos Edi\u00e7\u00f5es de Arte, 1999.\" data-e-action-hash=\"#elementor-action%3Aaction%3Dlightbox%26settings%3DeyJpZCI6MTM1LCJ1cmwiOiJodHRwczpcL1wvaW1lYXJiLmNvbS5iclwvYnJhc2lsaWE2MGFub3NcL3dwLWNvbnRlbnRcL3VwbG9hZHNcLzIwMjBcLzA4XC80LTIuanBnIiwic2xpZGVzaG93IjoiZWE2NjZlNiJ9\" href=\"https:\/\/imearb.com.br\/brasilia60anos\/wp-content\/uploads\/2020\/08\/4-2.jpg\"><figure class=\"swiper-slide-inner\"><img decoding=\"async\" class=\"swiper-slide-image\" src=\"https:\/\/imearb.com.br\/brasilia60anos\/wp-content\/uploads\/2020\/08\/4-2-150x150.jpg\" alt=\"\u201cCongresso Nacional\u201d, Oscar Niemeyer. Serigrafia, 31\/200, 49 x 69 cm. \u00c1lbum: Oscar Niemeyer e L\u00facio Costa. Bras\u00edlia para sempre. Rio de Janeiro: Lithos Edi\u00e7\u00f5es de Arte, 1999.\" \/><\/figure><\/a><\/div><div class=\"swiper-slide\" role=\"group\" aria-roledescription=\"slide\" aria-label=\"5 de 13\"><a data-elementor-open-lightbox=\"yes\" data-elementor-lightbox-slideshow=\"ea666e6\" data-elementor-lightbox-title=\"\u201cPra\u00e7a dos Tr\u00eas Poderes\u201d, Oscar Niemeyer.\" data-elementor-lightbox-description=\"\u201cPra\u00e7a dos Tr\u00eas Poderes\u201d,\nOscar Niemeyer.\nSerigrafia, 31\/200, 49 x 69,5 cm.\n\u00c1lbum: Oscar Niemeyer e L\u00facio Costa.  Bras\u00edlia para sempre. Rio de Janeiro: Lithos Edi\u00e7\u00f5es de Arte, 1999.\" data-e-action-hash=\"#elementor-action%3Aaction%3Dlightbox%26settings%3DeyJpZCI6MTM2LCJ1cmwiOiJodHRwczpcL1wvaW1lYXJiLmNvbS5iclwvYnJhc2lsaWE2MGFub3NcL3dwLWNvbnRlbnRcL3VwbG9hZHNcLzIwMjBcLzA4XC81LTIuanBnIiwic2xpZGVzaG93IjoiZWE2NjZlNiJ9\" href=\"https:\/\/imearb.com.br\/brasilia60anos\/wp-content\/uploads\/2020\/08\/5-2.jpg\"><figure class=\"swiper-slide-inner\"><img decoding=\"async\" class=\"swiper-slide-image\" src=\"https:\/\/imearb.com.br\/brasilia60anos\/wp-content\/uploads\/2020\/08\/5-2-150x150.jpg\" alt=\"\u201cPra\u00e7a dos Tr\u00eas Poderes\u201d, Oscar Niemeyer. Serigrafia, 31\/200, 49 x 69,5 cm. \u00c1lbum: Oscar Niemeyer e L\u00facio Costa. Bras\u00edlia para sempre. Rio de Janeiro: Lithos Edi\u00e7\u00f5es de Arte, 1999.\" \/><\/figure><\/a><\/div><div class=\"swiper-slide\" role=\"group\" aria-roledescription=\"slide\" aria-label=\"6 de 13\"><a data-elementor-open-lightbox=\"yes\" data-elementor-lightbox-slideshow=\"ea666e6\" data-elementor-lightbox-title=\"\u201cCatedral Nossa Senhora Aparecida\u201d, Oscar Niemeyer.\" data-elementor-lightbox-description=\"\u201cCatedral Nossa Senhora Aparecida\u201d,\nOscar Niemeyer.\nSerigrafia, 31\/200, 49 x 69 cm.\n\u00c1lbum: Oscar Niemeyer e L\u00facio Costa.  Bras\u00edlia para sempre. Rio de Janeiro: Lithos Edi\u00e7\u00f5es de Arte, 1999.\" data-e-action-hash=\"#elementor-action%3Aaction%3Dlightbox%26settings%3DeyJpZCI6MTM3LCJ1cmwiOiJodHRwczpcL1wvaW1lYXJiLmNvbS5iclwvYnJhc2lsaWE2MGFub3NcL3dwLWNvbnRlbnRcL3VwbG9hZHNcLzIwMjBcLzA4XC82LmpwZyIsInNsaWRlc2hvdyI6ImVhNjY2ZTYifQ%3D%3D\" href=\"https:\/\/imearb.com.br\/brasilia60anos\/wp-content\/uploads\/2020\/08\/6.jpg\"><figure class=\"swiper-slide-inner\"><img decoding=\"async\" class=\"swiper-slide-image\" src=\"https:\/\/imearb.com.br\/brasilia60anos\/wp-content\/uploads\/2020\/08\/6-150x150.jpg\" alt=\"\u201cCatedral Nossa Senhora Aparecida\u201d, Oscar Niemeyer. Serigrafia, 31\/200, 49 x 69 cm. \u00c1lbum: Oscar Niemeyer e L\u00facio Costa. Bras\u00edlia para sempre. Rio de Janeiro: Lithos Edi\u00e7\u00f5es de Arte, 1999.\" \/><\/figure><\/a><\/div><div class=\"swiper-slide\" role=\"group\" aria-roledescription=\"slide\" aria-label=\"7 de 13\"><a data-elementor-open-lightbox=\"yes\" data-elementor-lightbox-slideshow=\"ea666e6\" data-elementor-lightbox-title=\"\u201cMemorial Juscelino Kubistchek\u201d, Oscar Niemeyer.\" data-elementor-lightbox-description=\"\u201cMemorial Juscelino Kubistchek\u201d,\nOscar Niemeyer.\nSerigrafia, 49 x 69 cm.\n\u00c1lbum: Oscar Niemeyer e L\u00facio Costa.  Bras\u00edlia para sempre. Rio de Janeiro: Lithos Edi\u00e7\u00f5es de Arte, 1999.\" data-e-action-hash=\"#elementor-action%3Aaction%3Dlightbox%26settings%3DeyJpZCI6MTM4LCJ1cmwiOiJodHRwczpcL1wvaW1lYXJiLmNvbS5iclwvYnJhc2lsaWE2MGFub3NcL3dwLWNvbnRlbnRcL3VwbG9hZHNcLzIwMjBcLzA4XC83LmpwZyIsInNsaWRlc2hvdyI6ImVhNjY2ZTYifQ%3D%3D\" href=\"https:\/\/imearb.com.br\/brasilia60anos\/wp-content\/uploads\/2020\/08\/7.jpg\"><figure class=\"swiper-slide-inner\"><img decoding=\"async\" class=\"swiper-slide-image\" src=\"https:\/\/imearb.com.br\/brasilia60anos\/wp-content\/uploads\/2020\/08\/7-150x150.jpg\" alt=\"\u201cMemorial Juscelino Kubistchek\u201d, Oscar Niemeyer.\" \/><\/figure><\/a><\/div><div class=\"swiper-slide\" role=\"group\" aria-roledescription=\"slide\" aria-label=\"8 de 13\"><a data-elementor-open-lightbox=\"yes\" data-elementor-lightbox-slideshow=\"ea666e6\" data-elementor-lightbox-title=\"\u201cMemorial dos Povos Ind\u00edgenas\u201d, Oscar Niemeyer.\" data-elementor-lightbox-description=\"\u201cMemorial dos Povos Ind\u00edgenas\u201d,\nOscar Niemeyer.\nSerigrafia, 49 x 69 cm.\n\u00c1lbum: Oscar Niemeyer e L\u00facio Costa.  Bras\u00edlia para sempre. Rio de Janeiro: Lithos Edi\u00e7\u00f5es de Arte, 1999.\" data-e-action-hash=\"#elementor-action%3Aaction%3Dlightbox%26settings%3DeyJpZCI6MTM5LCJ1cmwiOiJodHRwczpcL1wvaW1lYXJiLmNvbS5iclwvYnJhc2lsaWE2MGFub3NcL3dwLWNvbnRlbnRcL3VwbG9hZHNcLzIwMjBcLzA4XC84LmpwZyIsInNsaWRlc2hvdyI6ImVhNjY2ZTYifQ%3D%3D\" href=\"https:\/\/imearb.com.br\/brasilia60anos\/wp-content\/uploads\/2020\/08\/8.jpg\"><figure class=\"swiper-slide-inner\"><img decoding=\"async\" class=\"swiper-slide-image\" src=\"https:\/\/imearb.com.br\/brasilia60anos\/wp-content\/uploads\/2020\/08\/8-150x150.jpg\" alt=\"\u201cMemorial dos Povos Ind\u00edgenas\u201d, Oscar Niemeyer. Serigrafia, 49 x 69 cm. \u00c1lbum: Oscar Niemeyer e L\u00facio Costa. Bras\u00edlia para sempre. Rio de Janeiro: Lithos Edi\u00e7\u00f5es de Arte, 1999.\" \/><\/figure><\/a><\/div><div class=\"swiper-slide\" role=\"group\" aria-roledescription=\"slide\" aria-label=\"9 de 13\"><a data-elementor-open-lightbox=\"yes\" data-elementor-lightbox-slideshow=\"ea666e6\" data-elementor-lightbox-title=\"\u201cUrumb\u00e1\u201d, 1987. Roberto Burle Marx.\" data-elementor-lightbox-description=\"\u201cUrumb\u00e1\u201d, 1987.\nRoberto Burle Marx.\nLitografia, 17\/34, 44 x 59 cm.\" data-e-action-hash=\"#elementor-action%3Aaction%3Dlightbox%26settings%3DeyJpZCI6MTQwLCJ1cmwiOiJodHRwczpcL1wvaW1lYXJiLmNvbS5iclwvYnJhc2lsaWE2MGFub3NcL3dwLWNvbnRlbnRcL3VwbG9hZHNcLzIwMjBcLzA4XC8xNC5qcGciLCJzbGlkZXNob3ciOiJlYTY2NmU2In0%3D\" href=\"https:\/\/imearb.com.br\/brasilia60anos\/wp-content\/uploads\/2020\/08\/14.jpg\"><figure class=\"swiper-slide-inner\"><img decoding=\"async\" class=\"swiper-slide-image\" src=\"https:\/\/imearb.com.br\/brasilia60anos\/wp-content\/uploads\/2020\/08\/14-150x150.jpg\" alt=\"\u201cUrumb\u00e1\u201d, 1987. Roberto Burle Marx. Litografia, 17\/34, 44 x 59 cm.\" \/><\/figure><\/a><\/div><div class=\"swiper-slide\" role=\"group\" aria-roledescription=\"slide\" aria-label=\"10 de 13\"><a data-elementor-open-lightbox=\"yes\" data-elementor-lightbox-slideshow=\"ea666e6\" data-elementor-lightbox-title=\"\u201cAriadne\u201d, 1988. Roberto Burle Marx.\" data-elementor-lightbox-description=\"\u201cAriadne\u201d, 1988.\nRoberto Burle Marx.\nLitografia, 79\/120, 41,5 x 57 cm.\" data-e-action-hash=\"#elementor-action%3Aaction%3Dlightbox%26settings%3DeyJpZCI6MTQxLCJ1cmwiOiJodHRwczpcL1wvaW1lYXJiLmNvbS5iclwvYnJhc2lsaWE2MGFub3NcL3dwLWNvbnRlbnRcL3VwbG9hZHNcLzIwMjBcLzA4XC8xNS5qcGciLCJzbGlkZXNob3ciOiJlYTY2NmU2In0%3D\" href=\"https:\/\/imearb.com.br\/brasilia60anos\/wp-content\/uploads\/2020\/08\/15.jpg\"><figure class=\"swiper-slide-inner\"><img decoding=\"async\" class=\"swiper-slide-image\" src=\"https:\/\/imearb.com.br\/brasilia60anos\/wp-content\/uploads\/2020\/08\/15-150x150.jpg\" alt=\"\u201cAriadne\u201d, 1988. Roberto Burle Marx. Litografia, 79\/120, 41,5 x 57 cm.\" \/><\/figure><\/a><\/div><div class=\"swiper-slide\" role=\"group\" aria-roledescription=\"slide\" aria-label=\"11 de 13\"><a data-elementor-open-lightbox=\"yes\" data-elementor-lightbox-slideshow=\"ea666e6\" data-elementor-lightbox-title=\"\u201cPermuta 2\u201d, 1984. Roberto Burle Marx.\" data-elementor-lightbox-description=\"\u201cPermuta 2\u201d, 1984.\nRoberto Burle Marx.\nLitografia, 38\/60, 45 x 71 cm.\" data-e-action-hash=\"#elementor-action%3Aaction%3Dlightbox%26settings%3DeyJpZCI6MTQyLCJ1cmwiOiJodHRwczpcL1wvaW1lYXJiLmNvbS5iclwvYnJhc2lsaWE2MGFub3NcL3dwLWNvbnRlbnRcL3VwbG9hZHNcLzIwMjBcLzA4XC8xNi5qcGciLCJzbGlkZXNob3ciOiJlYTY2NmU2In0%3D\" href=\"https:\/\/imearb.com.br\/brasilia60anos\/wp-content\/uploads\/2020\/08\/16.jpg\"><figure class=\"swiper-slide-inner\"><img decoding=\"async\" class=\"swiper-slide-image\" src=\"https:\/\/imearb.com.br\/brasilia60anos\/wp-content\/uploads\/2020\/08\/16-150x150.jpg\" alt=\"\u201cPermuta 2\u201d, 1984. Roberto Burle Marx. Litografia, 38\/60, 45 x 71 cm.\" \/><\/figure><\/a><\/div><div class=\"swiper-slide\" role=\"group\" aria-roledescription=\"slide\" aria-label=\"12 de 13\"><a data-elementor-open-lightbox=\"yes\" data-elementor-lightbox-slideshow=\"ea666e6\" data-elementor-lightbox-title=\"\u201cTingu\u00e1\u201d, 1987. Roberto Burle Marx.\" data-elementor-lightbox-description=\"\u201cTingu\u00e1\u201d, 1987.\nRoberto Burle Marx.\nLitografia, 23\/60, 60 x 80 cm.\" data-e-action-hash=\"#elementor-action%3Aaction%3Dlightbox%26settings%3DeyJpZCI6MTQzLCJ1cmwiOiJodHRwczpcL1wvaW1lYXJiLmNvbS5iclwvYnJhc2lsaWE2MGFub3NcL3dwLWNvbnRlbnRcL3VwbG9hZHNcLzIwMjBcLzA4XC8xNy5qcGciLCJzbGlkZXNob3ciOiJlYTY2NmU2In0%3D\" href=\"https:\/\/imearb.com.br\/brasilia60anos\/wp-content\/uploads\/2020\/08\/17.jpg\"><figure class=\"swiper-slide-inner\"><img decoding=\"async\" class=\"swiper-slide-image\" src=\"https:\/\/imearb.com.br\/brasilia60anos\/wp-content\/uploads\/2020\/08\/17-150x150.jpg\" alt=\"\u201cTingu\u00e1\u201d, 1987. Roberto Burle Marx. Litografia, 23\/60, 60 x 80 cm.\" \/><\/figure><\/a><\/div><div class=\"swiper-slide\" role=\"group\" aria-roledescription=\"slide\" aria-label=\"13 de 13\"><a data-elementor-open-lightbox=\"yes\" data-elementor-lightbox-slideshow=\"ea666e6\" data-elementor-lightbox-title=\"\u201cMist\u00e9lia\u201d, 1986. Roberto Burle Marx.\" data-elementor-lightbox-description=\"\u201cMist\u00e9lia\u201d, 1986.\nRoberto Burle Marx.\nLitografia, 11\/60, 41,5 x 63 cm.\" data-e-action-hash=\"#elementor-action%3Aaction%3Dlightbox%26settings%3DeyJpZCI6MTQ0LCJ1cmwiOiJodHRwczpcL1wvaW1lYXJiLmNvbS5iclwvYnJhc2lsaWE2MGFub3NcL3dwLWNvbnRlbnRcL3VwbG9hZHNcLzIwMjBcLzA4XC8xOS5qcGciLCJzbGlkZXNob3ciOiJlYTY2NmU2In0%3D\" href=\"https:\/\/imearb.com.br\/brasilia60anos\/wp-content\/uploads\/2020\/08\/19.jpg\"><figure class=\"swiper-slide-inner\"><img decoding=\"async\" class=\"swiper-slide-image\" src=\"https:\/\/imearb.com.br\/brasilia60anos\/wp-content\/uploads\/2020\/08\/19-150x150.jpg\" alt=\"\u201cMist\u00e9lia\u201d, 1986. Roberto Burle Marx. Litografia, 11\/60, 41,5 x 63 cm.\" \/><\/figure><\/a><\/div>\t\t\t<\/div>\n\t\t\t\t\t\t\t\t\t\t\t\t<div class=\"elementor-swiper-button elementor-swiper-button-prev\" role=\"button\" tabindex=\"0\">\n\t\t\t\t\t\t<i aria-hidden=\"true\" class=\"eicon-chevron-left\"><\/i>\t\t\t\t\t<\/div>\n\t\t\t\t\t<div class=\"elementor-swiper-button elementor-swiper-button-next\" role=\"button\" tabindex=\"0\">\n\t\t\t\t\t\t<i aria-hidden=\"true\" class=\"eicon-chevron-right\"><\/i>\t\t\t\t\t<\/div>\n\t\t\t\t\n\t\t\t\t\t\t\t\t\t<div class=\"swiper-pagination\"><\/div>\n\t\t\t\t\t\t\t\t\t<\/div>\n\t\t\t\t\t\t<\/div>\n\t\t\t\t<\/div>\n\t\t\t\t\t<\/div>\n\t\t<\/div>\n\t\t\t\t\t<\/div>\n\t\t<\/section>\n\t\t\t\t<section class=\"elementor-section elementor-top-section elementor-element elementor-element-831fa6b elementor-section-boxed elementor-section-height-default elementor-section-height-default\" data-id=\"831fa6b\" data-element_type=\"section\">\n\t\t\t\t\t\t<div class=\"elementor-container elementor-column-gap-default\">\n\t\t\t\t\t<div class=\"elementor-column elementor-col-100 elementor-top-column elementor-element elementor-element-df81cb8\" data-id=\"df81cb8\" data-element_type=\"column\">\n\t\t\t<div class=\"elementor-widget-wrap elementor-element-populated\">\n\t\t\t\t\t\t<section class=\"elementor-section elementor-inner-section elementor-element elementor-element-0f40faa elementor-section-boxed elementor-section-height-default elementor-section-height-default\" data-id=\"0f40faa\" data-element_type=\"section\">\n\t\t\t\t\t\t<div class=\"elementor-container elementor-column-gap-default\">\n\t\t\t\t\t<div class=\"elementor-column elementor-col-100 elementor-inner-column elementor-element elementor-element-63a757e\" data-id=\"63a757e\" data-element_type=\"column\" data-settings=\"{&quot;background_background&quot;:&quot;classic&quot;}\">\n\t\t\t<div class=\"elementor-widget-wrap elementor-element-populated\">\n\t\t\t\t\t\t<div class=\"elementor-element elementor-element-111d6fd elementor-widget elementor-widget-image\" data-id=\"111d6fd\" data-element_type=\"widget\" data-widget_type=\"image.default\">\n\t\t\t\t<div class=\"elementor-widget-container\">\n\t\t\t\t\t\t\t\t\t\t\t\t\t\t\t\t<a href=\"http:\/\/imearb.org.br\">\n\t\t\t\t\t\t\t<img decoding=\"async\" src=\"https:\/\/imearb.com.br\/brasilia60anos\/wp-content\/uploads\/elementor\/thumbs\/imearb1-oujhmtzyej4olljjohcv6jyezonida2kwce4pnlqxc.png\" title=\"imearb1\" alt=\"imearb1\" loading=\"lazy\" \/>\t\t\t\t\t\t\t\t<\/a>\n\t\t\t\t\t\t\t\t\t\t\t\t\t\t\t<\/div>\n\t\t\t\t<\/div>\n\t\t\t\t\t<\/div>\n\t\t<\/div>\n\t\t\t\t\t<\/div>\n\t\t<\/section>\n\t\t\t\t\t<\/div>\n\t\t<\/div>\n\t\t\t\t\t<\/div>\n\t\t<\/section>\n\t\t\t\t<section class=\"elementor-section elementor-top-section elementor-element elementor-element-345ea13 elementor-section-boxed elementor-section-height-default elementor-section-height-default\" data-id=\"345ea13\" data-element_type=\"section\">\n\t\t\t\t\t\t<div class=\"elementor-container elementor-column-gap-default\">\n\t\t\t\t\t<div class=\"elementor-column elementor-col-100 elementor-top-column elementor-element elementor-element-9784ec6\" data-id=\"9784ec6\" data-element_type=\"column\">\n\t\t\t<div class=\"elementor-widget-wrap elementor-element-populated\">\n\t\t\t\t\t\t<div class=\"elementor-element elementor-element-17efc55 elementor-widget elementor-widget-spacer\" data-id=\"17efc55\" data-element_type=\"widget\" data-widget_type=\"spacer.default\">\n\t\t\t\t<div class=\"elementor-widget-container\">\n\t\t\t\t\t\t\t<div class=\"elementor-spacer\">\n\t\t\t<div class=\"elementor-spacer-inner\"><\/div>\n\t\t<\/div>\n\t\t\t\t\t\t<\/div>\n\t\t\t\t<\/div>\n\t\t\t\t<div class=\"elementor-element elementor-element-70349ba elementor-widget-divider--view-line elementor-widget elementor-widget-divider\" data-id=\"70349ba\" data-element_type=\"widget\" data-widget_type=\"divider.default\">\n\t\t\t\t<div class=\"elementor-widget-container\">\n\t\t\t\t\t\t\t<div class=\"elementor-divider\">\n\t\t\t<span class=\"elementor-divider-separator\">\n\t\t\t\t\t\t<\/span>\n\t\t<\/div>\n\t\t\t\t\t\t<\/div>\n\t\t\t\t<\/div>\n\t\t\t\t\t<\/div>\n\t\t<\/div>\n\t\t\t\t\t<\/div>\n\t\t<\/section>\n\t\t\t\t<section class=\"elementor-section elementor-top-section elementor-element elementor-element-21acd04 elementor-section-stretched elementor-section-boxed elementor-section-height-default elementor-section-height-default\" data-id=\"21acd04\" data-element_type=\"section\" data-settings=\"{&quot;stretch_section&quot;:&quot;section-stretched&quot;,&quot;background_background&quot;:&quot;classic&quot;}\">\n\t\t\t\t\t\t<div class=\"elementor-container elementor-column-gap-default\">\n\t\t\t\t\t<div class=\"elementor-column elementor-col-25 elementor-top-column elementor-element elementor-element-11034dc6\" data-id=\"11034dc6\" data-element_type=\"column\">\n\t\t\t<div class=\"elementor-widget-wrap elementor-element-populated\">\n\t\t\t\t\t\t<div class=\"elementor-element elementor-element-3934aec9 elementor-widget elementor-widget-text-editor\" data-id=\"3934aec9\" data-element_type=\"widget\" data-widget_type=\"text-editor.default\">\n\t\t\t\t<div class=\"elementor-widget-container\">\n\t\t\t\t\t\t\t\t\t<p>REALIZA\u00e7\u00c3O<\/p>\t\t\t\t\t\t\t\t<\/div>\n\t\t\t\t<\/div>\n\t\t\t\t<div class=\"elementor-element elementor-element-646da980 elementor-widget elementor-widget-image\" data-id=\"646da980\" data-element_type=\"widget\" data-widget_type=\"image.default\">\n\t\t\t\t<div class=\"elementor-widget-container\">\n\t\t\t\t\t\t\t\t\t\t\t\t\t\t\t<img fetchpriority=\"high\" decoding=\"async\" width=\"920\" height=\"386\" src=\"https:\/\/imearb.com.br\/brasilia60anos\/wp-content\/uploads\/2020\/08\/imearb2-1024x430.png\" class=\"attachment-large size-large wp-image-222\" alt=\"\" srcset=\"https:\/\/imearb.com.br\/brasilia60anos\/wp-content\/uploads\/2020\/08\/imearb2-1024x430.png 1024w, https:\/\/imearb.com.br\/brasilia60anos\/wp-content\/uploads\/2020\/08\/imearb2-300x126.png 300w, https:\/\/imearb.com.br\/brasilia60anos\/wp-content\/uploads\/2020\/08\/imearb2-768x322.png 768w, https:\/\/imearb.com.br\/brasilia60anos\/wp-content\/uploads\/2020\/08\/imearb2.png 1406w\" sizes=\"(max-width: 920px) 100vw, 920px\" \/>\t\t\t\t\t\t\t\t\t\t\t\t\t\t\t<\/div>\n\t\t\t\t<\/div>\n\t\t\t\t<div class=\"elementor-element elementor-element-63e5bb4 elementor-widget-divider--view-line elementor-widget elementor-widget-divider\" data-id=\"63e5bb4\" data-element_type=\"widget\" data-widget_type=\"divider.default\">\n\t\t\t\t<div class=\"elementor-widget-container\">\n\t\t\t\t\t\t\t<div class=\"elementor-divider\">\n\t\t\t<span class=\"elementor-divider-separator\">\n\t\t\t\t\t\t<\/span>\n\t\t<\/div>\n\t\t\t\t\t\t<\/div>\n\t\t\t\t<\/div>\n\t\t\t\t<div class=\"elementor-element elementor-element-426c39c elementor-widget elementor-widget-text-editor\" data-id=\"426c39c\" data-element_type=\"widget\" data-widget_type=\"text-editor.default\">\n\t\t\t\t<div class=\"elementor-widget-container\">\n\t\t\t\t\t\t\t\t\t<p>www.imearb.org.br<\/p>\t\t\t\t\t\t\t\t<\/div>\n\t\t\t\t<\/div>\n\t\t\t\t\t<\/div>\n\t\t<\/div>\n\t\t\t\t<div class=\"elementor-column elementor-col-25 elementor-top-column elementor-element elementor-element-1910be4\" data-id=\"1910be4\" data-element_type=\"column\">\n\t\t\t<div class=\"elementor-widget-wrap elementor-element-populated\">\n\t\t\t\t\t\t<div class=\"elementor-element elementor-element-5facfae4 elementor-widget elementor-widget-text-editor\" data-id=\"5facfae4\" data-element_type=\"widget\" data-widget_type=\"text-editor.default\">\n\t\t\t\t<div class=\"elementor-widget-container\">\n\t\t\t\t\t\t\t\t\t<p>Apoio<\/p>\t\t\t\t\t\t\t\t<\/div>\n\t\t\t\t<\/div>\n\t\t\t\t<div class=\"elementor-element elementor-element-74e727bc elementor-widget elementor-widget-image\" data-id=\"74e727bc\" data-element_type=\"widget\" data-widget_type=\"image.default\">\n\t\t\t\t<div class=\"elementor-widget-container\">\n\t\t\t\t\t\t\t\t\t\t\t\t\t\t\t<img decoding=\"async\" width=\"852\" height=\"568\" src=\"https:\/\/imearb.com.br\/brasilia60anos\/wp-content\/uploads\/2020\/08\/UIA2021RIO-LOGO-PT.jpg\" class=\"attachment-large size-large wp-image-262\" alt=\"\" srcset=\"https:\/\/imearb.com.br\/brasilia60anos\/wp-content\/uploads\/2020\/08\/UIA2021RIO-LOGO-PT.jpg 852w, https:\/\/imearb.com.br\/brasilia60anos\/wp-content\/uploads\/2020\/08\/UIA2021RIO-LOGO-PT-300x200.jpg 300w, https:\/\/imearb.com.br\/brasilia60anos\/wp-content\/uploads\/2020\/08\/UIA2021RIO-LOGO-PT-768x512.jpg 768w\" sizes=\"(max-width: 852px) 100vw, 852px\" \/>\t\t\t\t\t\t\t\t\t\t\t\t\t\t\t<\/div>\n\t\t\t\t<\/div>\n\t\t\t\t\t<\/div>\n\t\t<\/div>\n\t\t\t\t<div class=\"elementor-column elementor-col-25 elementor-top-column elementor-element elementor-element-3137292f\" data-id=\"3137292f\" data-element_type=\"column\">\n\t\t\t<div class=\"elementor-widget-wrap elementor-element-populated\">\n\t\t\t\t\t\t<div class=\"elementor-element elementor-element-144ae26f elementor-widget elementor-widget-text-editor\" data-id=\"144ae26f\" data-element_type=\"widget\" data-widget_type=\"text-editor.default\">\n\t\t\t\t<div class=\"elementor-widget-container\">\n\t\t\t\t\t\t\t\t\t<p>Curadoria<\/p>\t\t\t\t\t\t\t\t<\/div>\n\t\t\t\t<\/div>\n\t\t\t\t<div class=\"elementor-element elementor-element-322ebd6c elementor-widget elementor-widget-text-editor\" data-id=\"322ebd6c\" data-element_type=\"widget\" data-widget_type=\"text-editor.default\">\n\t\t\t\t<div class=\"elementor-widget-container\">\n\t\t\t\t\t\t\t\t\t<p>Julia Cavalcante<\/p>\t\t\t\t\t\t\t\t<\/div>\n\t\t\t\t<\/div>\n\t\t\t\t\t<\/div>\n\t\t<\/div>\n\t\t\t\t<div class=\"elementor-column elementor-col-25 elementor-top-column elementor-element elementor-element-3b4fc860\" data-id=\"3b4fc860\" data-element_type=\"column\">\n\t\t\t<div class=\"elementor-widget-wrap elementor-element-populated\">\n\t\t\t\t\t\t<div class=\"elementor-element elementor-element-3c0fe24a elementor-widget elementor-widget-text-editor\" data-id=\"3c0fe24a\" data-element_type=\"widget\" data-widget_type=\"text-editor.default\">\n\t\t\t\t<div class=\"elementor-widget-container\">\n\t\t\t\t\t\t\t\t\t<p>Webdesign<\/p>\t\t\t\t\t\t\t\t<\/div>\n\t\t\t\t<\/div>\n\t\t\t\t<div class=\"elementor-element elementor-element-1cc6d588 elementor-widget elementor-widget-text-editor\" data-id=\"1cc6d588\" data-element_type=\"widget\" data-widget_type=\"text-editor.default\">\n\t\t\t\t<div class=\"elementor-widget-container\">\n\t\t\t\t\t\t\t\t\t<p>Camila Dias Design<\/p>\t\t\t\t\t\t\t\t<\/div>\n\t\t\t\t<\/div>\n\t\t\t\t\t<\/div>\n\t\t<\/div>\n\t\t\t\t\t<\/div>\n\t\t<\/section>\n\t\t\t\t<\/div>\n\t\t","protected":false},"excerpt":{"rendered":"<p>Bras\u00edlia ANOS 60 Galeria &#8220;Plano Piloto\u201d, Lucio Costa. Serigrafia, 25\/200, 69,5 x 48,5 cm. \u00c1lbum: Oscar Niemeyer e L\u00facio Costa. Bras\u00edlia para sempre. Rio de Janeiro: Lithos Edi\u00e7\u00f5es de Arte,<\/p>\n<p class=\"more-link\"><a href=\"https:\/\/imearb.com.br\/brasilia60anos\/galeria-brasilia-2\/\" class=\"readmore\">Continue reading<svg class=\"icon icon-arrow-right\" aria-hidden=\"true\" role=\"img\"> <use href=\"#icon-arrow-right\" xlink:href=\"#icon-arrow-right\"><\/use> <\/svg><span class=\"screen-reader-text\"><\/span><\/a><\/p>\n","protected":false},"author":1,"featured_media":0,"parent":0,"menu_order":0,"comment_status":"closed","ping_status":"closed","template":"templates\/full-width-page.php","meta":{"footnotes":""},"class_list":["post-290","page","type-page","status-publish","hentry"],"_links":{"self":[{"href":"https:\/\/imearb.com.br\/brasilia60anos\/wp-json\/wp\/v2\/pages\/290","targetHints":{"allow":["GET"]}}],"collection":[{"href":"https:\/\/imearb.com.br\/brasilia60anos\/wp-json\/wp\/v2\/pages"}],"about":[{"href":"https:\/\/imearb.com.br\/brasilia60anos\/wp-json\/wp\/v2\/types\/page"}],"author":[{"embeddable":true,"href":"https:\/\/imearb.com.br\/brasilia60anos\/wp-json\/wp\/v2\/users\/1"}],"replies":[{"embeddable":true,"href":"https:\/\/imearb.com.br\/brasilia60anos\/wp-json\/wp\/v2\/comments?post=290"}],"version-history":[{"count":31,"href":"https:\/\/imearb.com.br\/brasilia60anos\/wp-json\/wp\/v2\/pages\/290\/revisions"}],"predecessor-version":[{"id":361,"href":"https:\/\/imearb.com.br\/brasilia60anos\/wp-json\/wp\/v2\/pages\/290\/revisions\/361"}],"wp:attachment":[{"href":"https:\/\/imearb.com.br\/brasilia60anos\/wp-json\/wp\/v2\/media?parent=290"}],"curies":[{"name":"wp","href":"https:\/\/api.w.org\/{rel}","templated":true}]}}